{"id":8265,"date":"2020-01-02T11:11:56","date_gmt":"2020-01-02T11:11:56","guid":{"rendered":"http:\/\/socialivx.web.ua.pt\/?page_id=8265"},"modified":"2025-03-11T19:10:44","modified_gmt":"2025-03-11T19:10:44","slug":"publications","status":"publish","type":"page","link":"https:\/\/socialivx.web.ua.pt\/index.php\/publications\/","title":{"rendered":"Publications"},"content":{"rendered":"<div id=\"pl-8265\"  class=\"panel-layout\" ><div id=\"pg-8265-0\"  class=\"panel-grid panel-no-style\" ><div id=\"pgc-8265-0-0\"  class=\"panel-grid-cell\" ><div id=\"panel-8265-0-0-0\" class=\"so-panel widget_text panel-first-child\" data-index=\"0\" style=\"margin-bottom: 0px\" ><div style=\"margin: 35px 0px 0px 0px;\" class=\"panel-widget-style panel-widget-style-for-8265-0-0-0\" >\t\t\t<div class=\"textwidget\"><p style=\"padding-left: 5px; text-align: justify;\">The publications below refer only to papers of research projects indexed in Scopus.<\/p>\n<\/div>\n\t\t<\/div><\/div><div id=\"panel-8265-0-0-1\" class=\"so-panel widget_siteorigin-panels-builder panel-last-child\" data-index=\"1\" ><div style=\"margin: 5px 0px 15px 0px;\" class=\"panel-widget-style panel-widget-style-for-8265-0-0-1\" ><div id=\"pl-w65365ebcd6382\"  class=\"panel-layout\" ><div id=\"pg-w65365ebcd6382-0\"  class=\"panel-grid panel-no-style\" ><div id=\"pgc-w65365ebcd6382-0-0\"  class=\"panel-grid-cell\" ><div id=\"panel-w65365ebcd6382-0-0-0\" class=\"so-panel widget_sow-accordion panel-first-child panel-last-child\" data-index=\"0\" ><div\n\t\t\t\n\t\t\tclass=\"so-widget-sow-accordion so-widget-sow-accordion-default-6f9116a64e77\"\n\t\t\t\n\t\t><div>\n\t<div class=\"sow-accordion\">\n\t\t\t<div class=\"sow-accordion-panel\"\n\t\t\t data-anchor=\"polariscope\">\n\t\t\t\t<div class=\"sow-accordion-panel-header-container\" role=\"heading\" aria-level=\"2\">\n\t\t\t\t\t<div class=\"sow-accordion-panel-header\" tabindex=\"0\" role=\"button\" id=\"accordion-label-polariscope\" aria-controls=\"accordion-content-polariscope\" aria-expanded=\"false\">\n\t\t\t\t\t\t<div class=\"sow-accordion-title sow-accordion-title-icon-left\">\n\t\t\t\t\t\t\t\t\t\t\t\t\t\tPOLARISCOPE\t\t\t\t\t\t\t\t\t\t\t\t\t<\/div>\n\t\t\t\t\t\t<div class=\"sow-accordion-open-close-button\">\n\t\t\t\t\t\t\t<div class=\"sow-accordion-open-button\">\n\t\t\t\t\t\t\t\t<span class=\"sow-icon-ionicons\" data-sow-icon=\"&#xf218;\"\n\t\t \n\t\taria-hidden=\"true\"><\/span>\t\t\t\t\t\t\t<\/div>\n\t\t\t\t\t\t\t<div class=\"sow-accordion-close-button\">\n\t\t\t\t\t\t\t\t<span class=\"sow-icon-ionicons\" data-sow-icon=\"&#xf209;\"\n\t\t \n\t\taria-hidden=\"true\"><\/span>\t\t\t\t\t\t\t<\/div>\n\t\t\t\t\t\t<\/div>\n\t\t\t\t\t<\/div>\n\t\t\t\t<\/div>\n\n\t\t\t<div\n\t\t\t\tclass=\"sow-accordion-panel-content\"\n\t\t\t\trole=\"region\"\n\t\t\t\taria-labelledby=\"accordion-label-polariscope\"\n\t\t\t\tid=\"accordion-content-polariscope\"\n\t\t\t\tstyle=\"display: none;\"\t\t\t>\n\t\t\t\t<div class=\"sow-accordion-panel-border\" tabindex=\"0\">\n\t\t\t\t\t<p>Velhinho, A., Almeida, P. (2023). MNEMOSCOPE \u2013 A Model for Digital Co-creation and Visualization of Collective Memories. In: Ab\u00e1solo, M.J., de Castro Lozano, C., Olmedo Cifuentes, G.F. (eds) Applications and Usability of Interactive TV. jAUTI 2022. Communications in Computer and Information Science, vol 1820. Springer, Cham.<a href=\"https:\/\/doi.org\/10.1007\/978-3-031-45611-4_2\" target=\"_blank\" rel=\"noopener\"> https:\/\/doi.org\/10.1007\/978-3-031-45611-4_2<\/a><\/p>\n<p>Velhinho, A., Almeida, P. (2023). POLARISCOPE \u2013 A Platform for the Co-creation and Visualization of Collective Memories. In: Marcus, A., Rosenzweig, E., Soares, M.M. (eds) Design, User Experience, and Usability. HCII 2023. Lecture Notes in Computer Science, vol 14031. Springer, Cham. <a href=\"https:\/\/doi.org\/10.1007\/978-3-031-35696-4_20\" target=\"_blank\" rel=\"noopener\">https:\/\/doi.org\/10.1007\/978-3-031-35696-4_20<\/a><\/p>\n<p>Velhinho, A., &amp; Almeida, P. (2023). O Legado da Mem\u00f3ria Coletiva na Cultura Digital: Digitaliza\u00e7\u00e3o, Mapeamento Cultural e Cocria\u00e7\u00e3o. <i>Comunica\u00e7\u00e3o E Sociedade<\/i>, <i>43<\/i>, e023003. <a href=\"https:\/\/doi.org\/10.17231\/comsoc.43(2023).4344\" target=\"_blank\" rel=\"noopener\">https:\/\/doi.org\/10.17231\/comsoc.43(2023).4344<\/a><\/p>\n<p>Velhinho, A., Almeida, P. (2021). Sharing and Visualizing Collective Memories \u2013 Contexts and Strategies for a Participatory Platform. In: Ab\u00e1solo, M.J., Abreu, J., Almeida, P., Silva, T. (eds) Applications and Usability of Interactive TV. jAUTI 2020. Communications in Computer and Information Science, vol 1433. Springer, Cham.<a href=\"https:\/\/doi.org\/10.1007\/978-3-030-81996-5_1\" target=\"_blank\" rel=\"noopener\"> https:\/\/doi.org\/10.1007\/978-3-030-81996-5_1<\/a><\/p>\n\t\t\t\t<\/div>\n\t\t\t<\/div>\n\t\t<\/div>\n\t\t\t<div class=\"sow-accordion-panel\"\n\t\t\t data-anchor=\"true\">\n\t\t\t\t<div class=\"sow-accordion-panel-header-container\" role=\"heading\" aria-level=\"2\">\n\t\t\t\t\t<div class=\"sow-accordion-panel-header\" tabindex=\"0\" role=\"button\" id=\"accordion-label-true\" aria-controls=\"accordion-content-true\" aria-expanded=\"false\">\n\t\t\t\t\t\t<div class=\"sow-accordion-title sow-accordion-title-icon-left\">\n\t\t\t\t\t\t\t\t\t\t\t\t\t\tTRUE\t\t\t\t\t\t\t\t\t\t\t\t\t<\/div>\n\t\t\t\t\t\t<div class=\"sow-accordion-open-close-button\">\n\t\t\t\t\t\t\t<div class=\"sow-accordion-open-button\">\n\t\t\t\t\t\t\t\t<span class=\"sow-icon-ionicons\" data-sow-icon=\"&#xf218;\"\n\t\t \n\t\taria-hidden=\"true\"><\/span>\t\t\t\t\t\t\t<\/div>\n\t\t\t\t\t\t\t<div class=\"sow-accordion-close-button\">\n\t\t\t\t\t\t\t\t<span class=\"sow-icon-ionicons\" data-sow-icon=\"&#xf209;\"\n\t\t \n\t\taria-hidden=\"true\"><\/span>\t\t\t\t\t\t\t<\/div>\n\t\t\t\t\t\t<\/div>\n\t\t\t\t\t<\/div>\n\t\t\t\t<\/div>\n\n\t\t\t<div\n\t\t\t\tclass=\"sow-accordion-panel-content\"\n\t\t\t\trole=\"region\"\n\t\t\t\taria-labelledby=\"accordion-label-true\"\n\t\t\t\tid=\"accordion-content-true\"\n\t\t\t\tstyle=\"display: none;\"\t\t\t>\n\t\t\t\t<div class=\"sow-accordion-panel-border\" tabindex=\"0\">\n\t\t\t\t\t<p>Silva, T. and Abreu, J. (2023). Sending Trustworthy News to the Elderly Through TV Notifications. In <i>Proceedings of the 9th International Conference on Information and Communication Technologies for Ageing Well and e-Health - ICT4AWE<\/i>; ISBN 978-989-758-645-3; ISSN 2184-4984, SciTePress, pages 194-198. DOI: <a href=\"https:\/\/www.scitepress.org\/Papers\/2023\/119731\/119731.pdf\">10.5220\/0011973100003476<\/a><\/p>\n<p>J\u00falio, L., Alves, M., Mota, M. and Silva, (2023). \"Evaluation of the User Experience of a platform to support the creation of school newspapers,\" <em>2023 18th Iberian Conference on Information Systems and Technologies (CISTI)<\/em>, Aveiro, Portugal, 2023, pp. 1-4, doi: <a href=\"https:\/\/doi.org\/10.23919\/CISTI58278.2023.10212091\" target=\"_blank\" rel=\"noopener\">https:\/\/doi.org\/10.23919\/CISTI58278.2023.10212091<\/a><\/p>\n<p>J\u00falio, L., Carvalho, D. M., Ulisses, A., Lima, I. R., &amp; Silva, T. (2023). Engage Students in News Writing. <em>Procedia Computer Science<\/em>, <em>219<\/em>, 999\u20131005. <a href=\"https:\/\/doi.org\/10.1016\/j.procs.2023.01.377\" target=\"_blank\" rel=\"noopener\">https:\/\/doi.org\/10.1016\/j.procs.2023.01.377<\/a><\/p>\n<p>Carvalho, D.M., J\u00falio, L., Silva, T. (2023). Students as Creators of Online Newspapers: A Tool\u2019s User-Interface Proposal. In: Garc\u00eda-Pe\u00f1alvo, F.J., Garc\u00eda-Holgado, A. (eds) Proceedings TEEM 2022: Tenth International Conference on Technological Ecosystems for Enhancing Multiculturality. TEEM 2022. Lecture Notes in Educational Technology. Springer, Singapore. <a href=\"https:\/\/doi.org\/10.1007\/978-981-99-0942-1_54\" target=\"_blank\" rel=\"noopener\">https:\/\/doi.org\/10.1007\/978-981-99-0942-1_54<\/a><\/p>\n\t\t\t\t<\/div>\n\t\t\t<\/div>\n\t\t<\/div>\n\t\t\t<div class=\"sow-accordion-panel\"\n\t\t\t data-anchor=\"overtv\">\n\t\t\t\t<div class=\"sow-accordion-panel-header-container\" role=\"heading\" aria-level=\"2\">\n\t\t\t\t\t<div class=\"sow-accordion-panel-header\" tabindex=\"0\" role=\"button\" id=\"accordion-label-overtv\" aria-controls=\"accordion-content-overtv\" aria-expanded=\"false\">\n\t\t\t\t\t\t<div class=\"sow-accordion-title sow-accordion-title-icon-left\">\n\t\t\t\t\t\t\t\t\t\t\t\t\t\tOverTV\t\t\t\t\t\t\t\t\t\t\t\t\t<\/div>\n\t\t\t\t\t\t<div class=\"sow-accordion-open-close-button\">\n\t\t\t\t\t\t\t<div class=\"sow-accordion-open-button\">\n\t\t\t\t\t\t\t\t<span class=\"sow-icon-ionicons\" data-sow-icon=\"&#xf218;\"\n\t\t \n\t\taria-hidden=\"true\"><\/span>\t\t\t\t\t\t\t<\/div>\n\t\t\t\t\t\t\t<div class=\"sow-accordion-close-button\">\n\t\t\t\t\t\t\t\t<span class=\"sow-icon-ionicons\" data-sow-icon=\"&#xf209;\"\n\t\t \n\t\taria-hidden=\"true\"><\/span>\t\t\t\t\t\t\t<\/div>\n\t\t\t\t\t\t<\/div>\n\t\t\t\t\t<\/div>\n\t\t\t\t<\/div>\n\n\t\t\t<div\n\t\t\t\tclass=\"sow-accordion-panel-content\"\n\t\t\t\trole=\"region\"\n\t\t\t\taria-labelledby=\"accordion-label-overtv\"\n\t\t\t\tid=\"accordion-content-overtv\"\n\t\t\t\tstyle=\"display: none;\"\t\t\t>\n\t\t\t\t<div class=\"sow-accordion-panel-border\" tabindex=\"0\">\n\t\t\t\t\t<p style=\"font-weight: 400;\">Velhinho, A.\u00a0<i>et al.<\/i>\u00a0(2023). Personalized Notifications for the TV Ecosystem: Field Trial of an iTV Solution. In: Ab\u00e1solo, M.J., de Castro Lozano, C., Olmedo Cifuentes, G.F. (eds) Applications and Usability of Interactive TV. jAUTI 2022. Communications in Computer and Information Science, vol 1820. Springer, Cham. <a href=\"https:\/\/doi.org\/10.1007\/978-3-031-45611-4_4\" target=\"_blank\" rel=\"noopener\">https:\/\/doi.org\/10.1007\/978-3-031-45611-4_4<\/a><\/p>\n<p style=\"font-weight: 400;\">Encarna\u00e7\u00e3o, J., Velhinho, A., Bentes, S., Silva, T., Santos, R., Salgado, R., &amp; Afonso, F. (2023). A management system to personalize notifications in the TV ecosystem. <em>Procedia Computer Science<\/em>, <em>219<\/em>, 674\u2013679. <a href=\"https:\/\/doi.org\/10.1016\/j.procs.2023.01.338\" target=\"_blank\" rel=\"noopener\">https:\/\/doi.org\/10.1016\/j.procs.2023.01.338<\/a><\/p>\n<p>Velhinho, A., Camargo, J., Silva, T., Santos, R. (2022). The Importance of Personalization and Household Dynamics for Notifications in the TV Ecosystem. In: Ab\u00e1solo, M.J., Olmedo Cifuentes, G.F. (eds) Applications and Usability of Interactive TV. jAUTI 2021. Communications in Computer and Information Science, vol 1597. Springer, Cham. <a href=\"https:\/\/doi.org\/10.1007\/978-3-031-22210-8_1\" target=\"_blank\" rel=\"noopener\">https:\/\/doi.org\/10.1007\/978-3-031-22210-8_1<\/a><\/p>\n\t\t\t\t<\/div>\n\t\t\t<\/div>\n\t\t<\/div>\n\t\t\t<div class=\"sow-accordion-panel\"\n\t\t\t data-anchor=\"navsafety\">\n\t\t\t\t<div class=\"sow-accordion-panel-header-container\" role=\"heading\" aria-level=\"2\">\n\t\t\t\t\t<div class=\"sow-accordion-panel-header\" tabindex=\"0\" role=\"button\" id=\"accordion-label-navsafety\" aria-controls=\"accordion-content-navsafety\" aria-expanded=\"false\">\n\t\t\t\t\t\t<div class=\"sow-accordion-title sow-accordion-title-icon-left\">\n\t\t\t\t\t\t\t\t\t\t\t\t\t\tNAVSAFETY\t\t\t\t\t\t\t\t\t\t\t\t\t<\/div>\n\t\t\t\t\t\t<div class=\"sow-accordion-open-close-button\">\n\t\t\t\t\t\t\t<div class=\"sow-accordion-open-button\">\n\t\t\t\t\t\t\t\t<span class=\"sow-icon-ionicons\" data-sow-icon=\"&#xf218;\"\n\t\t \n\t\taria-hidden=\"true\"><\/span>\t\t\t\t\t\t\t<\/div>\n\t\t\t\t\t\t\t<div class=\"sow-accordion-close-button\">\n\t\t\t\t\t\t\t\t<span class=\"sow-icon-ionicons\" data-sow-icon=\"&#xf209;\"\n\t\t \n\t\taria-hidden=\"true\"><\/span>\t\t\t\t\t\t\t<\/div>\n\t\t\t\t\t\t<\/div>\n\t\t\t\t\t<\/div>\n\t\t\t\t<\/div>\n\n\t\t\t<div\n\t\t\t\tclass=\"sow-accordion-panel-content\"\n\t\t\t\trole=\"region\"\n\t\t\t\taria-labelledby=\"accordion-label-navsafety\"\n\t\t\t\tid=\"accordion-content-navsafety\"\n\t\t\t\tstyle=\"display: none;\"\t\t\t>\n\t\t\t\t<div class=\"sow-accordion-panel-border\" tabindex=\"0\">\n\t\t\t\t\t<p style=\"padding-left: 5px; text-align: justify; font-size: 12px;\">J\u00falio, L., Silva. T., Abreu, J., &amp; Baptista, P. (2022). Digital solution to support navigation at harbor mouths. Iberian Conference on Information Systems and Technologies (CISTI\u201922), 2022, (pp 1-6). <a href=\"https:\/\/ieeexplore.ieee.org\/abstract\/document\/9820008\">10.23919\/CISTI54924.2022.9820008<\/a><\/p>\n\t\t\t\t<\/div>\n\t\t\t<\/div>\n\t\t<\/div>\n\t\t\t<div class=\"sow-accordion-panel\"\n\t\t\t data-anchor=\"tv-proactivity-for-seniors\">\n\t\t\t\t<div class=\"sow-accordion-panel-header-container\" role=\"heading\" aria-level=\"2\">\n\t\t\t\t\t<div class=\"sow-accordion-panel-header\" tabindex=\"0\" role=\"button\" id=\"accordion-label-tv-proactivity-for-seniors\" aria-controls=\"accordion-content-tv-proactivity-for-seniors\" aria-expanded=\"false\">\n\t\t\t\t\t\t<div class=\"sow-accordion-title sow-accordion-title-icon-left\">\n\t\t\t\t\t\t\t\t\t\t\t\t\t\tTV Proactivity for Seniors\t\t\t\t\t\t\t\t\t\t\t\t\t<\/div>\n\t\t\t\t\t\t<div class=\"sow-accordion-open-close-button\">\n\t\t\t\t\t\t\t<div class=\"sow-accordion-open-button\">\n\t\t\t\t\t\t\t\t<span class=\"sow-icon-ionicons\" data-sow-icon=\"&#xf218;\"\n\t\t \n\t\taria-hidden=\"true\"><\/span>\t\t\t\t\t\t\t<\/div>\n\t\t\t\t\t\t\t<div class=\"sow-accordion-close-button\">\n\t\t\t\t\t\t\t\t<span class=\"sow-icon-ionicons\" data-sow-icon=\"&#xf209;\"\n\t\t \n\t\taria-hidden=\"true\"><\/span>\t\t\t\t\t\t\t<\/div>\n\t\t\t\t\t\t<\/div>\n\t\t\t\t\t<\/div>\n\t\t\t\t<\/div>\n\n\t\t\t<div\n\t\t\t\tclass=\"sow-accordion-panel-content\"\n\t\t\t\trole=\"region\"\n\t\t\t\taria-labelledby=\"accordion-label-tv-proactivity-for-seniors\"\n\t\t\t\tid=\"accordion-content-tv-proactivity-for-seniors\"\n\t\t\t\tstyle=\"display: none;\"\t\t\t>\n\t\t\t\t<div class=\"sow-accordion-panel-border\" tabindex=\"0\">\n\t\t\t\t\t<p>Faria, G., Silva, T., Abreu, J. (2022). Active and Healthy Aging: The Role of a Proactive Information Assistant Embedded on TV. In: Ab\u00e1solo, M.J., Olmedo Cifuentes, G.F. (eds) Applications and Usability of Interactive TV. jAUTI 2021. Communications in Computer and Information Science, vol 1597. Springer, Cham. <a href=\"https:\/\/doi.org\/10.1007\/978-3-031-22210-8_5\" target=\"_blank\" rel=\"noopener\">https:\/\/doi.org\/10.1007\/978-3-031-22210-8_5<\/a><\/p>\n\t\t\t\t<\/div>\n\t\t\t<\/div>\n\t\t<\/div>\n\t\t\t<div class=\"sow-accordion-panel\"\n\t\t\t data-anchor=\"hugtv\">\n\t\t\t\t<div class=\"sow-accordion-panel-header-container\" role=\"heading\" aria-level=\"2\">\n\t\t\t\t\t<div class=\"sow-accordion-panel-header\" tabindex=\"0\" role=\"button\" id=\"accordion-label-hugtv\" aria-controls=\"accordion-content-hugtv\" aria-expanded=\"false\">\n\t\t\t\t\t\t<div class=\"sow-accordion-title sow-accordion-title-icon-left\">\n\t\t\t\t\t\t\t\t\t\t\t\t\t\tHUGTV\t\t\t\t\t\t\t\t\t\t\t\t\t<\/div>\n\t\t\t\t\t\t<div class=\"sow-accordion-open-close-button\">\n\t\t\t\t\t\t\t<div class=\"sow-accordion-open-button\">\n\t\t\t\t\t\t\t\t<span class=\"sow-icon-ionicons\" data-sow-icon=\"&#xf218;\"\n\t\t \n\t\taria-hidden=\"true\"><\/span>\t\t\t\t\t\t\t<\/div>\n\t\t\t\t\t\t\t<div class=\"sow-accordion-close-button\">\n\t\t\t\t\t\t\t\t<span class=\"sow-icon-ionicons\" data-sow-icon=\"&#xf209;\"\n\t\t \n\t\taria-hidden=\"true\"><\/span>\t\t\t\t\t\t\t<\/div>\n\t\t\t\t\t\t<\/div>\n\t\t\t\t\t<\/div>\n\t\t\t\t<\/div>\n\n\t\t\t<div\n\t\t\t\tclass=\"sow-accordion-panel-content\"\n\t\t\t\trole=\"region\"\n\t\t\t\taria-labelledby=\"accordion-label-hugtv\"\n\t\t\t\tid=\"accordion-content-hugtv\"\n\t\t\t\tstyle=\"display: none;\"\t\t\t>\n\t\t\t\t<div class=\"sow-accordion-panel-border\" tabindex=\"0\">\n\t\t\t\t\t<p>Camargo, J., Silva, T., de Abreu, J.F. (2023). iTV to Connect Generations: A Field Trial of a Solution to Send Personalized Notifications. In: Ab\u00e1solo, M.J., de Castro Lozano, C., Olmedo Cifuentes, G.F. (eds) Applications and Usability of Interactive TV. jAUTI 2022. Communications in Computer and Information Science, vol 1820. Springer, Cham. <a href=\"https:\/\/doi.org\/10.1007\/978-3-031-45611-4_6\" target=\"_blank\" rel=\"noopener\">https:\/\/doi.org\/10.1007\/978-3-031-45611-4_6<\/a><\/p>\n<p>Camargo, J. D., Silva, T., &amp; Abreu, J. (2023). <em>Interconnecting Personal assistants and TVs: a friendly approach to connect generations<\/em>. In Proceedings of the 2023 ACM International Conference on Interactive Media Experiences (IMX '23). Association for Computing Machinery, New York, NY, USA, 309\u2013313. <a href=\"https:\/\/doi.org\/10.1145\/3573381.3596469\" target=\"_blank\" rel=\"noopener\">https:\/\/doi.org\/10.1145\/3573381.3596469<\/a><\/p>\n<p>Camargo, J., Silva, T., Abreu, J. (2022). Connect Elderly to Other Generations Through iTV: Evaluating Notifications\u2019 Potential. In: Ab\u00e1solo, M.J., Olmedo Cifuentes, G.F. (eds) Applications and Usability of Interactive TV. jAUTI 2021. Communications in Computer and Information Science, vol 1597. Springer, Cham. <a href=\"https:\/\/doi.org\/10.1007\/978-3-031-22210-8_2\" target=\"_blank\" rel=\"noopener\">https:\/\/doi.org\/10.1007\/978-3-031-22210-8_2<\/a><\/p>\n\t\t\t\t<\/div>\n\t\t\t<\/div>\n\t\t<\/div>\n\t\t\t<div class=\"sow-accordion-panel\"\n\t\t\t data-anchor=\"pressclub\">\n\t\t\t\t<div class=\"sow-accordion-panel-header-container\" role=\"heading\" aria-level=\"2\">\n\t\t\t\t\t<div class=\"sow-accordion-panel-header\" tabindex=\"0\" role=\"button\" id=\"accordion-label-pressclub\" aria-controls=\"accordion-content-pressclub\" aria-expanded=\"false\">\n\t\t\t\t\t\t<div class=\"sow-accordion-title sow-accordion-title-icon-left\">\n\t\t\t\t\t\t\t\t\t\t\t\t\t\tPressClub\t\t\t\t\t\t\t\t\t\t\t\t\t<\/div>\n\t\t\t\t\t\t<div class=\"sow-accordion-open-close-button\">\n\t\t\t\t\t\t\t<div class=\"sow-accordion-open-button\">\n\t\t\t\t\t\t\t\t<span class=\"sow-icon-ionicons\" data-sow-icon=\"&#xf218;\"\n\t\t \n\t\taria-hidden=\"true\"><\/span>\t\t\t\t\t\t\t<\/div>\n\t\t\t\t\t\t\t<div class=\"sow-accordion-close-button\">\n\t\t\t\t\t\t\t\t<span class=\"sow-icon-ionicons\" data-sow-icon=\"&#xf209;\"\n\t\t \n\t\taria-hidden=\"true\"><\/span>\t\t\t\t\t\t\t<\/div>\n\t\t\t\t\t\t<\/div>\n\t\t\t\t\t<\/div>\n\t\t\t\t<\/div>\n\n\t\t\t<div\n\t\t\t\tclass=\"sow-accordion-panel-content\"\n\t\t\t\trole=\"region\"\n\t\t\t\taria-labelledby=\"accordion-label-pressclub\"\n\t\t\t\tid=\"accordion-content-pressclub\"\n\t\t\t\tstyle=\"display: none;\"\t\t\t>\n\t\t\t\t<div class=\"sow-accordion-panel-border\" tabindex=\"0\">\n\t\t\t\t\t<p style=\"padding-left: 5px; text-align: justify; font-size: 12px;\">Almeida, P., Be\u00e7a, P., Silva, T. Afonso, M., Covalenco, I., &amp; Duarte Nicolau, C. (2022). A Podcast Creation Platform to Support News Corporations: Results from UX Evaluation. Proceedings of the 2022 ACM International Conference on Interactive Media Experiences (IMX\u201922) (pp. 343-348). <a href=\"https:\/\/doi.org\/10.1145\/3505284.3532978\">https:\/\/doi.org\/10.1145\/3505284.3532978<\/a><\/p>\t\t\t\t<\/div>\n\t\t\t<\/div>\n\t\t<\/div>\n\t\t\t<div class=\"sow-accordion-panel\"\n\t\t\t data-anchor=\"routinav\">\n\t\t\t\t<div class=\"sow-accordion-panel-header-container\" role=\"heading\" aria-level=\"2\">\n\t\t\t\t\t<div class=\"sow-accordion-panel-header\" tabindex=\"0\" role=\"button\" id=\"accordion-label-routinav\" aria-controls=\"accordion-content-routinav\" aria-expanded=\"false\">\n\t\t\t\t\t\t<div class=\"sow-accordion-title sow-accordion-title-icon-left\">\n\t\t\t\t\t\t\t\t\t\t\t\t\t\tRoutinav\t\t\t\t\t\t\t\t\t\t\t\t\t<\/div>\n\t\t\t\t\t\t<div class=\"sow-accordion-open-close-button\">\n\t\t\t\t\t\t\t<div class=\"sow-accordion-open-button\">\n\t\t\t\t\t\t\t\t<span class=\"sow-icon-ionicons\" data-sow-icon=\"&#xf218;\"\n\t\t \n\t\taria-hidden=\"true\"><\/span>\t\t\t\t\t\t\t<\/div>\n\t\t\t\t\t\t\t<div class=\"sow-accordion-close-button\">\n\t\t\t\t\t\t\t\t<span class=\"sow-icon-ionicons\" data-sow-icon=\"&#xf209;\"\n\t\t \n\t\taria-hidden=\"true\"><\/span>\t\t\t\t\t\t\t<\/div>\n\t\t\t\t\t\t<\/div>\n\t\t\t\t\t<\/div>\n\t\t\t\t<\/div>\n\n\t\t\t<div\n\t\t\t\tclass=\"sow-accordion-panel-content\"\n\t\t\t\trole=\"region\"\n\t\t\t\taria-labelledby=\"accordion-label-routinav\"\n\t\t\t\tid=\"accordion-content-routinav\"\n\t\t\t\tstyle=\"display: none;\"\t\t\t>\n\t\t\t\t<div class=\"sow-accordion-panel-border\" tabindex=\"0\">\n\t\t\t\t\t<p style=\"padding-left: 5px; text-align: justify; font-size: 12px;\">Picado, A., Abreu, J., Carvalho D. M., \u2026 &amp; Dias, J. M. (2022). Optimization of safe navigability conditions in shallow inland waters: The Routinav app. Ocean Engineering, 259. <a href=\"https:\/\/doi.org\/10.1016\/j.oceaneng.2022.111946\">https:\/\/doi.org\/10.1016\/j.oceaneng.2022.111946<\/a><\/p>\n\t\t\t\t<\/div>\n\t\t\t<\/div>\n\t\t<\/div>\n\t\t\t<div class=\"sow-accordion-panel\"\n\t\t\t data-anchor=\"securhome\">\n\t\t\t\t<div class=\"sow-accordion-panel-header-container\" role=\"heading\" aria-level=\"2\">\n\t\t\t\t\t<div class=\"sow-accordion-panel-header\" tabindex=\"0\" role=\"button\" id=\"accordion-label-securhome\" aria-controls=\"accordion-content-securhome\" aria-expanded=\"false\">\n\t\t\t\t\t\t<div class=\"sow-accordion-title sow-accordion-title-icon-left\">\n\t\t\t\t\t\t\t\t\t\t\t\t\t\tSECURHOME\t\t\t\t\t\t\t\t\t\t\t\t\t<\/div>\n\t\t\t\t\t\t<div class=\"sow-accordion-open-close-button\">\n\t\t\t\t\t\t\t<div class=\"sow-accordion-open-button\">\n\t\t\t\t\t\t\t\t<span class=\"sow-icon-ionicons\" data-sow-icon=\"&#xf218;\"\n\t\t \n\t\taria-hidden=\"true\"><\/span>\t\t\t\t\t\t\t<\/div>\n\t\t\t\t\t\t\t<div class=\"sow-accordion-close-button\">\n\t\t\t\t\t\t\t\t<span class=\"sow-icon-ionicons\" data-sow-icon=\"&#xf209;\"\n\t\t \n\t\taria-hidden=\"true\"><\/span>\t\t\t\t\t\t\t<\/div>\n\t\t\t\t\t\t<\/div>\n\t\t\t\t\t<\/div>\n\t\t\t\t<\/div>\n\n\t\t\t<div\n\t\t\t\tclass=\"sow-accordion-panel-content\"\n\t\t\t\trole=\"region\"\n\t\t\t\taria-labelledby=\"accordion-label-securhome\"\n\t\t\t\tid=\"accordion-content-securhome\"\n\t\t\t\tstyle=\"display: none;\"\t\t\t>\n\t\t\t\t<div class=\"sow-accordion-panel-border\" tabindex=\"0\">\n\t\t\t\t\t<p style=\"padding-left: 5px; text-align: justify; font-size: 12px;\">Abreu, J., Oliveira, R., Garcia-Crespo, A., &amp; Rodrigues-Goncalves, R. (2021). TV interaction as a non-invasive sensor for monitoring elderly well-being at home. <em>Sensors<\/em>, 21(20). <a href=\"https:\/\/doi.org\/10.3390\/s21206897\">https:\/\/doi.org\/10.3390\/s21206897<\/a><\/p>\n\t\t\t\t<\/div>\n\t\t\t<\/div>\n\t\t<\/div>\n\t\t\t<div class=\"sow-accordion-panel\"\n\t\t\t data-anchor=\"chic\">\n\t\t\t\t<div class=\"sow-accordion-panel-header-container\" role=\"heading\" aria-level=\"2\">\n\t\t\t\t\t<div class=\"sow-accordion-panel-header\" tabindex=\"0\" role=\"button\" id=\"accordion-label-chic\" aria-controls=\"accordion-content-chic\" aria-expanded=\"false\">\n\t\t\t\t\t\t<div class=\"sow-accordion-title sow-accordion-title-icon-left\">\n\t\t\t\t\t\t\t\t\t\t\t\t\t\tCHIC\t\t\t\t\t\t\t\t\t\t\t\t\t<\/div>\n\t\t\t\t\t\t<div class=\"sow-accordion-open-close-button\">\n\t\t\t\t\t\t\t<div class=\"sow-accordion-open-button\">\n\t\t\t\t\t\t\t\t<span class=\"sow-icon-ionicons\" data-sow-icon=\"&#xf218;\"\n\t\t \n\t\taria-hidden=\"true\"><\/span>\t\t\t\t\t\t\t<\/div>\n\t\t\t\t\t\t\t<div class=\"sow-accordion-close-button\">\n\t\t\t\t\t\t\t\t<span class=\"sow-icon-ionicons\" data-sow-icon=\"&#xf209;\"\n\t\t \n\t\taria-hidden=\"true\"><\/span>\t\t\t\t\t\t\t<\/div>\n\t\t\t\t\t\t<\/div>\n\t\t\t\t\t<\/div>\n\t\t\t\t<\/div>\n\n\t\t\t<div\n\t\t\t\tclass=\"sow-accordion-panel-content\"\n\t\t\t\trole=\"region\"\n\t\t\t\taria-labelledby=\"accordion-label-chic\"\n\t\t\t\tid=\"accordion-content-chic\"\n\t\t\t\tstyle=\"display: none;\"\t\t\t>\n\t\t\t\t<div class=\"sow-accordion-panel-border\" tabindex=\"0\">\n\t\t\t\t\t<p style=\"padding-left: 5px; text-align: justify; font-size: 12px;\">Marques, T., Santos, R., Abreu, J., Be\u00e7a, P., Silva, T., Almeida, P. (2022). A Process for Gathering Data to Train the NLU Module of a NLI System for ITV. In: Ab\u00e1solo, M.J., Olmedo Cifuentes, G.F. (eds) Applications and Usability of Interactive TV. jAUTI 2021. Communications in Computer and Information Science, vol 1597. Springer, Cham. https:\/\/doi.org\/10.1007\/978-3-031-22210-8_9<\/p>\n<p style=\"padding-left: 5px; text-align: justify; font-size: 12px;\">Faria, G., Silva, T. &amp; Abreu, J. F. (2020). Proactive Personal Assistant in the Context of the Television Ecosystem. <em>In: 15th Iberian Conference on Information Systems and Technologies (CISTI'20)<\/em>, pp. 1-4. <a href=\"https:\/\/doi.org\/10.23919\/CISTI49556.2020.9141165\" target=\"_blank\" rel=\"noopener\">https:\/\/doi.org\/10.23919\/CISTI49556.2020.9141165<\/a><\/p>\n<p style=\"padding-left: 5px; text-align: justify; font-size: 12px;\">Rodrigues, A., Machado, M. B., Almeida, A. M. P., Abreu, J. F &amp; Tavares, T. A. (2021). Interaction Devices as Assistive Technology: Current Practices about Evaluation Methodologies. <em>International Journal of Human\u2013Computer Interaction<\/em> (Vol. 1433). <a href=\"https:\/\/doi.org\/10.1080\/10447318.2021.1938386\" target=\"_blank\" rel=\"noopener\">https:\/\/doi.org\/10.1080\/10447318.2021.1938386<\/a><\/p>\n<p style=\"padding-left: 5px; text-align: justify; font-size: 12px;\">Abreu, J., Camargo, J., Santos, R., Almeida, P., Be\u00e7a, P., &amp; Silva, T. (2021). UX evaluation methodology for iTV: Assessing a natural language interaction system. <em>Communications<\/em> <em>in Computer and Information Science\u00a0<\/em>(Vol. 1433). <a href=\"https:\/\/doi.org\/10.1007\/978-3-030-81996-5_11\" target=\"_blank\" rel=\"noopener\">https:\/\/doi.org\/10.1007\/978-3-030-81996-5_11<\/a><\/p>\n<p style=\"padding-left: 5px; text-align: justify; font-size: 12px;\">Santos, R., Abreu, J., Almeida, P., Be\u00e7a, P., &amp; Marques, T. (2020). Training natural language understanding for the TV context: A visual stimuli approach for the elicitation process.\u00a0<em>Communications<\/em> <em>in Computer and Information Science\u00a0<\/em>(Vol. 1202). <a href=\"https:\/\/doi.org\/10.1007\/978-3-030-56574-9_6\" target=\"_blank\" rel=\"noopener\">https:\/\/doi.org\/10.1007\/978-3-030-56574-9_6<\/a><\/p>\n<p style=\"padding-left: 5px; text-align: justify; font-size: 12px;\">Abreu, J., Santos, R., Silva, T., Marques, T., &amp; Cardoso, B.(2020). Proactivity: The next step in voice assistants for the TV ecosystem. <em>Communications in Computer and Information Science<\/em> (Vol. 1202). <a href=\"https:\/\/doi.org\/10.1007\/978-3-030-56574-9_7\" target=\"_blank\" rel=\"noopener\">https:\/\/doi.org\/10.1007\/978-3-030-56574-9_7<\/a><\/p>\n<p style=\"padding-left: 5px; text-align: justify; font-size: 12px;\">Be\u00e7a, P., Abreu, J. F., Santos, R., &amp; Rodrigues, A. (2019). <em>Evaluating the performance of ASR systems for TV interactions in several domestic noise scenarios<\/em>. <em>Communications in Computer and Information Science<\/em> (Vol. 1004). <a href=\"https:\/\/doi.org\/10.1007\/978-3-030-23862-9_12\" target=\"_blank\" rel=\"noopener\">https:\/\/doi.org\/10.1007\/978-3-030-23862-9_12<\/a><\/p>\n<p style=\"padding-left: 5px; text-align: justify; font-size: 12px;\">Fernandes, S., Abreu, J., Almeida, P., &amp; Santos, R. (2019). <em>A review of voice user interfaces for interactive TV<\/em>. <em>Communications in Computer and Information Science<\/em> (Vol. 1004). <a href=\"https:\/\/doi.org\/10.1007\/978-3-030-23862-9_9\" target=\"_blank\" rel=\"noopener\">https:\/\/doi.org\/10.1007\/978-3-030-23862-9_9<\/a><\/p>\n<p style=\"padding-left: 5px; text-align: justify; font-size: 12px;\">Rodrigues, A., Santos, R., Abreu, J., Be\u00e7a, P., Almeida, P., &amp; Fernandes, S. (2019). Analyzing the performance of ASR systems: The effects of noise, distance to the device, age and gender. In <em>ACM International Conference Proceeding Series<\/em>. <a href=\"https:\/\/doi.org\/10.1145\/3335595.3335635\" target=\"_blank\" rel=\"noopener\">https:\/\/doi.org\/10.1145\/3335595.3335635<\/a><\/p>\n<p style=\"padding-left: 5px; text-align: justify; font-size: 12px;\">Abreu, J., Be\u00e7a, P., Santos, R., Cardoso, B., Fernandes, S., &amp; Rodrigues, A. (2018). Voice interaction on TV: Analysis of natural language interaction models. In <em>ACM International Conference Proceeding Series<\/em>. <a href=\"https:\/\/doi.org\/10.1145\/3233824.3233853\" target=\"_blank\" rel=\"noopener\">https:\/\/doi.org\/10.1145\/3233824.3233853<\/a><\/p>\n\t\t\t\t<\/div>\n\t\t\t<\/div>\n\t\t<\/div>\n\t\t\t<div class=\"sow-accordion-panel\"\n\t\t\t data-anchor=\"shapes\">\n\t\t\t\t<div class=\"sow-accordion-panel-header-container\" role=\"heading\" aria-level=\"2\">\n\t\t\t\t\t<div class=\"sow-accordion-panel-header\" tabindex=\"0\" role=\"button\" id=\"accordion-label-shapes\" aria-controls=\"accordion-content-shapes\" aria-expanded=\"false\">\n\t\t\t\t\t\t<div class=\"sow-accordion-title sow-accordion-title-icon-left\">\n\t\t\t\t\t\t\t\t\t\t\t\t\t\tSHAPES\t\t\t\t\t\t\t\t\t\t\t\t\t<\/div>\n\t\t\t\t\t\t<div class=\"sow-accordion-open-close-button\">\n\t\t\t\t\t\t\t<div class=\"sow-accordion-open-button\">\n\t\t\t\t\t\t\t\t<span class=\"sow-icon-ionicons\" data-sow-icon=\"&#xf218;\"\n\t\t \n\t\taria-hidden=\"true\"><\/span>\t\t\t\t\t\t\t<\/div>\n\t\t\t\t\t\t\t<div class=\"sow-accordion-close-button\">\n\t\t\t\t\t\t\t\t<span class=\"sow-icon-ionicons\" data-sow-icon=\"&#xf209;\"\n\t\t \n\t\taria-hidden=\"true\"><\/span>\t\t\t\t\t\t\t<\/div>\n\t\t\t\t\t\t<\/div>\n\t\t\t\t\t<\/div>\n\t\t\t\t<\/div>\n\n\t\t\t<div\n\t\t\t\tclass=\"sow-accordion-panel-content\"\n\t\t\t\trole=\"region\"\n\t\t\t\taria-labelledby=\"accordion-label-shapes\"\n\t\t\t\tid=\"accordion-content-shapes\"\n\t\t\t\tstyle=\"display: none;\"\t\t\t>\n\t\t\t\t<div class=\"sow-accordion-panel-border\" tabindex=\"0\">\n\t\t\t\t\t<p>Diehl, C., Martins, A., Almeida, A., Silva, T., Ribeiro, \u00d3., Santinha, G., Rocha, N., &amp; Silva, A. G. (2022). Defining Recommendations to Guide User Interface Design: Multimethod Approach. <em>JMIR Human Factors<\/em>, <em>9<\/em>(3). <a href=\"https:\/\/doi.org\/10.2196\/37894\" target=\"_blank\" rel=\"noopener\">https:\/\/doi.org\/10.2196\/37894<\/a><\/p>\n<p>Silva, A. G., Caravau, H., Martins, A., Almeida, A. M. P., Silva, T., Ribeiro, \u00d3., Santinha, G., &amp; Rocha, N. P. (2021). Procedures of user-centered usability assessment for digital solutions: scoping review of reviews reporting on digital solutions relevant for older adults. In <em>JMIR Human Factors<\/em> (Vol. 8, Issue 1). JMIR Publications Inc. <a href=\"https:\/\/doi.org\/10.2196\/22774\" target=\"_blank\" rel=\"noopener\">https:\/\/doi.org\/10.2196\/22774<\/a><\/p>\n<p>Silva, A., Martins, A. I., Caravau, H., Almeida, A. M., Silva, T., Ribeiro, \u00d3., Santinha, G., &amp; Rocha, N. (2020). Experts Evaluation of Usability for Digital Solutions Directed at Older Adults: A Scoping Review of Reviews. <em>ACM International Conference Proceeding Series<\/em>, 174\u2013181. <a href=\"https:\/\/doi.org\/10.1145\/3439231.3439238\" target=\"_blank\" rel=\"noopener\">https:\/\/doi.org\/10.1145\/3439231.3439238<\/a><\/p>\n<p>Martins, A. I., Santinha, G., Almeida, A. M., Ribeiro, \u00d3., Silva, T., Rocha, N., &amp; Silva, A. G. (2023). Consensus on the Terms and Procedures for Planning and Reporting a Usability Evaluation of Health-Related Digital Solutions: Delphi Study and a Resulting Checklist. <em>Journal of Medical Internet Research<\/em>, <em>25<\/em>. <a href=\"https:\/\/doi.org\/10.2196\/44326\" target=\"_blank\" rel=\"noopener\">https:\/\/doi.org\/10.2196\/44326<\/a><\/p>\n<div class=\"in-tab\">\n<div>\n<div class=\"citations_format\">\n<div class=\"csl-bib-body\">\n<div class=\"csl-entry\">Diehl, C., Tavares, R., Abreu, T., Almeida, A. M. P., Silva, T. E., Santinha, G., Rocha, N. P., et al. (2022). Perceptions on Extending the Use of Technology after the COVID-19 Pandemic Resolves: A Qualitative Study with Older Adults. <i>International Journal of Environmental Research and Public Health<\/i>, <i>19<\/i>(21), 14152. MDPI AG. Retrieved from <a href=\"http:\/\/dx.doi.org\/10.3390\/ijerph192114152\" target=\"_blank\" rel=\"noopener\">http:\/\/dx.doi.org\/10.3390\/ijerph192114152<\/a><\/div>\n<\/div>\n<\/div>\n<\/div>\n<\/div>\n<p>&nbsp;<\/p>\n\t\t\t\t<\/div>\n\t\t\t<\/div>\n\t\t<\/div>\n\t\t<\/div>\n<\/div>\n<\/div><\/div><\/div><div id=\"pgc-w65365ebcd6382-0-1\"  class=\"panel-grid-cell\" ><div id=\"panel-w65365ebcd6382-0-1-0\" class=\"so-panel widget_sow-accordion panel-first-child panel-last-child\" data-index=\"1\" ><div\n\t\t\t\n\t\t\tclass=\"so-widget-sow-accordion so-widget-sow-accordion-default-6f9116a64e77\"\n\t\t\t\n\t\t><div>\n\t<div class=\"sow-accordion\">\n\t\t\t<div class=\"sow-accordion-panel\"\n\t\t\t data-anchor=\"tv4e\">\n\t\t\t\t<div class=\"sow-accordion-panel-header-container\" role=\"heading\" aria-level=\"2\">\n\t\t\t\t\t<div class=\"sow-accordion-panel-header\" tabindex=\"0\" role=\"button\" id=\"accordion-label-tv4e\" aria-controls=\"accordion-content-tv4e\" aria-expanded=\"false\">\n\t\t\t\t\t\t<div class=\"sow-accordion-title sow-accordion-title-icon-left\">\n\t\t\t\t\t\t\t\t\t\t\t\t\t\t+TV4e\t\t\t\t\t\t\t\t\t\t\t\t\t<\/div>\n\t\t\t\t\t\t<div class=\"sow-accordion-open-close-button\">\n\t\t\t\t\t\t\t<div class=\"sow-accordion-open-button\">\n\t\t\t\t\t\t\t\t<span class=\"sow-icon-ionicons\" data-sow-icon=\"&#xf218;\"\n\t\t \n\t\taria-hidden=\"true\"><\/span>\t\t\t\t\t\t\t<\/div>\n\t\t\t\t\t\t\t<div class=\"sow-accordion-close-button\">\n\t\t\t\t\t\t\t\t<span class=\"sow-icon-ionicons\" data-sow-icon=\"&#xf209;\"\n\t\t \n\t\taria-hidden=\"true\"><\/span>\t\t\t\t\t\t\t<\/div>\n\t\t\t\t\t\t<\/div>\n\t\t\t\t\t<\/div>\n\t\t\t\t<\/div>\n\n\t\t\t<div\n\t\t\t\tclass=\"sow-accordion-panel-content\"\n\t\t\t\trole=\"region\"\n\t\t\t\taria-labelledby=\"accordion-label-tv4e\"\n\t\t\t\tid=\"accordion-content-tv4e\"\n\t\t\t\tstyle=\"display: none;\"\t\t\t>\n\t\t\t\t<div class=\"sow-accordion-panel-border\" tabindex=\"0\">\n\t\t\t\t\t<p style=\"padding-left: 5px; text-align: justify; font-size: 12px;\"><span style=\"vertical-align: inherit;\">Cardoso, R., Rodrigues, A., Costa, V., Oliveira, R., &amp; Tavares, T. (2020). Improving a Software Framework from an Assistive Technology Application for iTV. <\/span><em><span style=\"vertical-align: inherit;\">Communications in Computer and Information Science<\/span><\/em><span style=\"vertical-align: inherit;\"> (Vol. 1202). <\/span><a href=\"https:\/\/doi.org\/10.1007\/978-3-030-56574-9_3\" target=\"_blank\" rel=\"noopener\"><span style=\"vertical-align: inherit;\">https:\/\/doi.org\/10.1007\/978-3-030-56574-9_3<\/span><\/a><\/p>\n<p style=\"padding-left: 5px; text-align: justify; font-size: 12px;\"><span style=\"vertical-align: inherit;\">Silva, T., Caravau, H., &amp; Reis, L. (2019). <\/span><em><span style=\"vertical-align: inherit;\">Lessons Learned from Testing iTV Applications with Seniors. Communications in Computer and Information Science<\/span><\/em><span style=\"vertical-align: inherit;\"> (Vol. 1004). <\/span><a href=\"https:\/\/doi.org\/10.1007\/978-3-030-23862-9_11\" target=\"_blank\" rel=\"noopener\"><span style=\"vertical-align: inherit;\">https:\/\/doi.org\/10.1007\/978-3-030-23862-9_11<\/span><\/a><\/p>\n<p style=\"padding-left: 5px; text-align: justify; font-size: 12px;\"><span style=\"vertical-align: inherit;\">Silva, T., Mota, M., &amp; Silva, C. (2019). Development and UI\/UX Testing of an iTV Companion Application for Seniors. In <\/span><em><span style=\"vertical-align: inherit;\">ICT4AWE 2019 - Proceedings of the 5th International Conference on Information and Communication Technologies for Aging Well and e-Health<\/span><\/em><span style=\"vertical-align: inherit;\"> (pp. 124\u2013134). <\/span><a href=\"https:\/\/doi.org\/10.5220\/0007744601240134\" target=\"_blank\" rel=\"noopener\"><span style=\"vertical-align: inherit;\">https:\/\/doi.org\/10.5220\/0007744601240134<\/span><\/a><\/p>\n<p style=\"padding-left: 5px; text-align: justify; font-size: 12px;\"><span style=\"vertical-align: inherit;\">Silva, T., Oliveira, R., Abreu, J., Almejda, M., Santos, R., &amp; Almeida, P. (2019). Eye Senior Getting Information Adjusted to Seniors with Blindness or Low Vision. In <\/span><em><span style=\"vertical-align: inherit;\">Iberian Conference on Information Systems and Technologies, CISTI<\/span><\/em><span style=\"vertical-align: inherit;\"> (pp. 1\u20134). <\/span><a href=\"https:\/\/doi.org\/10.23919\/CISTI.2019.8760736\" target=\"_blank\" rel=\"noopener\"><span style=\"vertical-align: inherit;\">https:\/\/doi.org\/10.23919\/CISTI.2019.8760736<\/span><\/a><\/p>\n<p style=\"padding-left: 5px; text-align: justify; font-size: 12px;\"><span style=\"vertical-align: inherit;\">Silva, C., Mota, M., &amp; Silva, T. (2018). Automated production of audiovisual informative content. In <\/span><em><span style=\"vertical-align: inherit;\">Iberian Conference on Information Systems and Technologies, CISTI<\/span><\/em><span style=\"vertical-align: inherit;\"> (pp. 1\u20136). <\/span><a href=\"https:\/\/doi.org\/10.23919\/CISTI.2018.8399162\" target=\"_blank\" rel=\"noopener\"><span style=\"vertical-align: inherit;\">https:\/\/doi.org\/10.23919\/CISTI.2018.8399162<\/span><\/a><\/p>\n<p style=\"padding-left: 5px; text-align: justify; font-size: 12px;\"><span style=\"vertical-align: inherit;\">Silva, T., Campelo, D., Caravau, H., &amp; de Abreu, JF (2018). <\/span><em><span style=\"vertical-align: inherit;\">Delivering Information of General Interest Through Interactive Television: A Taxonomy of Assistance Services for the Portuguese Elderly. Communications in Computer and Information Science<\/span><\/em><span style=\"vertical-align: inherit;\"> (Vol. 869). <\/span><a href=\"https:\/\/doi.org\/10.1007\/978-3-319-93644-4_10\" target=\"_blank\" rel=\"noopener\"><span style=\"vertical-align: inherit;\">https:\/\/doi.org\/10.1007\/978-3-319-93644-4_10<\/span><\/a><\/p>\n<p style=\"padding-left: 5px; text-align: justify; font-size: 12px;\"><span style=\"vertical-align: inherit;\">Silva, T., Caravau, H., &amp; Carvalho, D. (2018). Comparative usability study of an iTV interface for seniors. Em <\/span><em><span style=\"vertical-align: inherit;\">ACM International Conference Proceeding Series<\/span><\/em><span style=\"vertical-align: inherit;\"> (pp. 310\u2013316). <\/span><a href=\"https:\/\/doi.org\/10.1145\/3218585.3218675\" target=\"_blank\" rel=\"noopener\"><span style=\"vertical-align: inherit;\">https:\/\/doi.org\/10.1145\/3218585.3218675<\/span><\/a><\/p>\n<p style=\"padding-left: 5px; text-align: justify; font-size: 12px;\"><span style=\"vertical-align: inherit;\">Silva, T., Caravau, H., De Abreu, JF, &amp; Reis, L. (2018). Seniors\u2019 Info-Inclusion Through Interactive Television: Results of a Field Trial. In <\/span><em><span style=\"vertical-align: inherit;\">In Proceedings of the 4th International Conference on Information and Communication Technologies for Ageing Well and e-Health - ICT4AWE<\/span><\/em><span style=\"vertical-align: inherit;\"> (pp. 134\u2013141). <\/span><a href=\"https:\/\/doi.org\/10.5220\/0006730201340141\" target=\"_blank\" rel=\"noopener\"><span style=\"vertical-align: inherit;\">https:\/\/doi.org\/10.5220\/0006730201340141<\/span><\/a><\/p>\n<p style=\"padding-left: 5px; text-align: justify; font-size: 12px;\"><span style=\"vertical-align: inherit;\">Silva, T., Caravau, H., Mota, M., Reis, L., &amp; Hernandez, C. (2018). <\/span><em><span style=\"vertical-align: inherit;\">A Process to Design a Video Library for Senior Users of iTV. Communications in Computer and Information Science<\/span><\/em><span style=\"vertical-align: inherit;\"> (Vol. 813). <\/span><a href=\"https:\/\/doi.org\/10.1007\/978-3-319-90170-1_8\" target=\"_blank\" rel=\"noopener\"><span style=\"vertical-align: inherit;\">https:\/\/doi.org\/10.1007\/978-3-319-90170-1_8<\/span><\/a><\/p>\n<p style=\"padding-left: 5px; text-align: justify; font-size: 12px;\"><span style=\"vertical-align: inherit;\">Silva, T., Caravau, H., Reis, L., &amp; Campelo, D. (2018). A process to evaluate an iTV platform to enhance seniors\u2019 access to information about public and social services. <\/span><em><span style=\"vertical-align: inherit;\">Working with Older People<\/span><\/em><span style=\"vertical-align: inherit;\"> , 22 (4), 224\u2013233. <\/span><a href=\"https:\/\/doi.org\/10.1108\/WWOP-02-2018-0005\" target=\"_blank\" rel=\"noopener\"><span style=\"vertical-align: inherit;\">https:\/\/doi.org\/10.1108\/WWOP-02-2018-0005<\/span><\/a><\/p>\n<p style=\"padding-left: 5px; text-align: justify; font-size: 12px;\"><span style=\"vertical-align: inherit;\">Silva, T., Caravau, H., Reis, L., &amp; Campelo, D. (2018). Interrupt the TV emission: Usage evaluation in real context. In <\/span><em><span style=\"vertical-align: inherit;\">Iberian Conference on Information Systems and Technologies, CISTI<\/span><\/em><span style=\"vertical-align: inherit;\"> (pp. 1\u20136). <\/span><a href=\"https:\/\/doi.org\/10.23919\/CISTI.2018.8399378\" target=\"_blank\" rel=\"noopener\"><span style=\"vertical-align: inherit;\">https:\/\/doi.org\/10.23919\/CISTI.2018.8399378<\/span><\/a><\/p>\n<p style=\"padding-left: 5px; text-align: justify; font-size: 12px;\"><span style=\"vertical-align: inherit;\">Silva, T., Mota, M., Silva, C., Caravau, H., Almeida, P., &amp; Reis, L. (2018). Proposal of an iTV Splash Screen Targeted to Seniors. Em <\/span><em><span style=\"vertical-align: inherit;\">In Proceedings of the 4th International Conference on Information and Communication Technologies for Ageing Well and e-Health - ICT4AWE<\/span><\/em><span style=\"vertical-align: inherit;\"> (Vol. 1, pp. 148\u2013155). <\/span><a href=\"https:\/\/doi.org\/10.5220\/0006732701480155\" target=\"_blank\" rel=\"noopener\"><span style=\"vertical-align: inherit;\">https:\/\/doi.org\/10.5220\/0006732701480155<\/span><\/a><\/p>\n<p style=\"padding-left: 5px; text-align: justify; font-size: 12px;\"><span style=\"vertical-align: inherit;\">Caravau, H., Silva, T., &amp; Silva, V. (2017). Interrupt emission or ask if TV viewer wants to see. <\/span><em><span style=\"vertical-align: inherit;\">In Iberian Conference on Information Systems and Technologies, CISTI<\/span><\/em><span style=\"vertical-align: inherit;\"> (pp. 1\u20136). <\/span><a href=\"https:\/\/doi.org\/10.23919\/CISTI.2017.7975753\" target=\"_blank\" rel=\"noopener\"><span style=\"vertical-align: inherit;\">https:\/\/doi.org\/10.23919\/CISTI.2017.7975753<\/span><\/a><\/p>\n<p style=\"padding-left: 5px; text-align: justify; font-size: 12px;\"><span style=\"vertical-align: inherit;\">Reis, L., Caravau, H., Silva, T., &amp; Almeida, P. (2017). <\/span><em><span style=\"vertical-align: inherit;\">Automatic Creation of TV Content to Integrate in Seniors Viewing Activities. Communications in Computer and Information Science<\/span><\/em><span style=\"vertical-align: inherit;\"> (Vol. 689). <\/span><a href=\"https:\/\/doi.org\/10.1007\/978-3-319-63321-3_3\" target=\"_blank\" rel=\"noopener\"><span style=\"vertical-align: inherit;\">https:\/\/doi.org\/10.1007\/978-3-319-63321-3_3<\/span><\/a><\/p>\n<p style=\"padding-left: 5px; text-align: justify; font-size: 12px;\"><span style=\"vertical-align: inherit;\">Silva, C., Campelo, D., Silva, T., &amp; Silva, V. (2017). <\/span><em><span style=\"vertical-align: inherit;\">System Architecture for Personalized Automatic Audio-Visual Content Generation from Web Feeds to an iTV Platform. Communications in Computer and Information Science<\/span><\/em><span style=\"vertical-align: inherit;\"> (Vol. 689). <\/span><a href=\"https:\/\/doi.org\/10.1007\/978-3-319-63321-3_1\" target=\"_blank\" rel=\"noopener\"><span style=\"vertical-align: inherit;\">https:\/\/doi.org\/10.1007\/978-3-319-63321-3_1<\/span><\/a><\/p>\n<p style=\"padding-left: 5px; text-align: justify; font-size: 12px;\"><span style=\"vertical-align: inherit;\">Silva, T., Caravau, H., &amp; Campelo, D. (2017). Information Needs about Public and Social Services of Portuguese Elderly. In <\/span><em><span style=\"vertical-align: inherit;\">ICT4AWE 2017 - Proceedings of the 3rd International Conference on Information and Communication Technologies for Aging Well and e-Health<\/span><\/em><span style=\"vertical-align: inherit;\"> (pp. 46\u201357). <\/span><a href=\"https:\/\/doi.org\/10.5220\/0006284900460057\" target=\"_blank\" rel=\"noopener\"><span style=\"vertical-align: inherit;\">https:\/\/doi.org\/10.5220\/0006284900460057<\/span><\/a><\/p>\n<p style=\"padding-left: 5px; text-align: justify; font-size: 12px;\"><span style=\"vertical-align: inherit;\">Silva, T., Caravau, H., Reis, L., &amp; Almeida, P. (2017). Iconography\u2019s development for a seniors\u2019 iTV informative platform. In <\/span><em><span style=\"vertical-align: inherit;\">Procedia Computer Science<\/span><\/em><span style=\"vertical-align: inherit;\"> (Vol. 121, pp. 576\u2013583). <\/span><a href=\"https:\/\/doi.org\/10.1016\/j.procs.2017.11.076\" target=\"_blank\" rel=\"noopener\"><span style=\"vertical-align: inherit;\">https:\/\/doi.org\/10.1016\/j.procs.2017.11.076<\/span><\/a><\/p>\n<p style=\"padding-left: 5px; text-align: justify; font-size: 12px;\"><span style=\"vertical-align: inherit;\">Silva, T., Mota, M., Hern\u00e1ndez, C., &amp; De Abreu, JF (2017). Automatic creation of informative TV videos to be delivered through iTV: a system architecture. In <\/span><em><span style=\"vertical-align: inherit;\">Procedia Computer Science<\/span><\/em><span style=\"vertical-align: inherit;\"> (Vol. 121, pp. 584\u2013591). <\/span><a href=\"https:\/\/doi.org\/10.1016\/j.procs.2017.11.077\" target=\"_blank\" rel=\"noopener\"><span style=\"vertical-align: inherit;\">https:\/\/doi.org\/10.1016\/j.procs.2017.11.077<\/span><\/a><\/p>\n<p style=\"padding-left: 5px; text-align: justify; font-size: 12px;\"><span style=\"vertical-align: inherit;\">Silva, T., Abreu, J., Antunes, M., Almeida, P., Silva, V., &amp; Santinha, G. (2016). +TV4E: Interactive Television as a Support to Push Information About Social Services to the Elderly. In <\/span><em><span style=\"vertical-align: inherit;\">Procedia Computer Science<\/span><\/em><span style=\"vertical-align: inherit;\"> (Vol. 100, pp. 580\u2013585). <\/span><a href=\"https:\/\/doi.org\/10.1016\/j.procs.2016.09.198\" target=\"_blank\" rel=\"noopener\"><span style=\"vertical-align: inherit;\">https:\/\/doi.org\/10.1016\/j.procs.2016.09.198<\/span><\/a><\/p>\n\t\t\t\t<\/div>\n\t\t\t<\/div>\n\t\t<\/div>\n\t\t\t<div class=\"sow-accordion-panel\"\n\t\t\t data-anchor=\"nowup\">\n\t\t\t\t<div class=\"sow-accordion-panel-header-container\" role=\"heading\" aria-level=\"2\">\n\t\t\t\t\t<div class=\"sow-accordion-panel-header\" tabindex=\"0\" role=\"button\" id=\"accordion-label-nowup\" aria-controls=\"accordion-content-nowup\" aria-expanded=\"false\">\n\t\t\t\t\t\t<div class=\"sow-accordion-title sow-accordion-title-icon-left\">\n\t\t\t\t\t\t\t\t\t\t\t\t\t\tnowUP\t\t\t\t\t\t\t\t\t\t\t\t\t<\/div>\n\t\t\t\t\t\t<div class=\"sow-accordion-open-close-button\">\n\t\t\t\t\t\t\t<div class=\"sow-accordion-open-button\">\n\t\t\t\t\t\t\t\t<span class=\"sow-icon-ionicons\" data-sow-icon=\"&#xf218;\"\n\t\t \n\t\taria-hidden=\"true\"><\/span>\t\t\t\t\t\t\t<\/div>\n\t\t\t\t\t\t\t<div class=\"sow-accordion-close-button\">\n\t\t\t\t\t\t\t\t<span class=\"sow-icon-ionicons\" data-sow-icon=\"&#xf209;\"\n\t\t \n\t\taria-hidden=\"true\"><\/span>\t\t\t\t\t\t\t<\/div>\n\t\t\t\t\t\t<\/div>\n\t\t\t\t\t<\/div>\n\t\t\t\t<\/div>\n\n\t\t\t<div\n\t\t\t\tclass=\"sow-accordion-panel-content\"\n\t\t\t\trole=\"region\"\n\t\t\t\taria-labelledby=\"accordion-label-nowup\"\n\t\t\t\tid=\"accordion-content-nowup\"\n\t\t\t\tstyle=\"display: none;\"\t\t\t>\n\t\t\t\t<div class=\"sow-accordion-panel-border\" tabindex=\"0\">\n\t\t\t\t\t<p style=\"padding-left: 5px; text-align: justify; font-size: 12px;\">Almeida, P., de Abreu, J. F., Oliveira, R., &amp; Gomes, D. (2018). A video engine supported by social buzz to automatically create TV summaries. <em>Multimedia Tools and Applications<\/em>, 77(18), 24313\u201324331. <a href=\"https:\/\/doi.org\/10.1007\/s11042-018-5723-0\" target=\"_blank\" rel=\"noopener\">https:\/\/doi.org\/10.1007\/s11042-018-5723-0<\/a><\/p>\n<p style=\"padding-left: 5px; text-align: justify; font-size: 12px;\">Almeida, P., de Abreu, J. F., &amp; Oliveira, R. (2017). <em>NowUP: A system that automatically creates TV summaries based on Twitter activity. Communications in Computer and Information Science<\/em> (Vol. 689). <a href=\"https:\/\/doi.org\/10.1007\/978-3-319-63321-3_2\" target=\"_blank\" rel=\"noopener\">https:\/\/doi.org\/10.1007\/978-3-319-63321-3_2<\/a><\/p>\n<p style=\"padding-left: 5px; text-align: justify; font-size: 12px;\">Oliveira, R., Almeida, P., &amp; de Abreu, J. F. (2017). <em>From live TV events to Twitter status updates - a study on delays. Communications in Computer and Information Science<\/em> (Vol. 689). <a href=\"https:\/\/doi.org\/10.1007\/978-3-319-63321-3_9\" target=\"_blank\" rel=\"noopener\">https:\/\/doi.org\/10.1007\/978-3-319-63321-3_9<\/a><\/p>\n\t\t\t\t<\/div>\n\t\t\t<\/div>\n\t\t<\/div>\n\t\t\t<div class=\"sow-accordion-panel\"\n\t\t\t data-anchor=\"2nd-vision\">\n\t\t\t\t<div class=\"sow-accordion-panel-header-container\" role=\"heading\" aria-level=\"2\">\n\t\t\t\t\t<div class=\"sow-accordion-panel-header\" tabindex=\"0\" role=\"button\" id=\"accordion-label-2nd-vision\" aria-controls=\"accordion-content-2nd-vision\" aria-expanded=\"false\">\n\t\t\t\t\t\t<div class=\"sow-accordion-title sow-accordion-title-icon-left\">\n\t\t\t\t\t\t\t\t\t\t\t\t\t\t2nd Vision\t\t\t\t\t\t\t\t\t\t\t\t\t<\/div>\n\t\t\t\t\t\t<div class=\"sow-accordion-open-close-button\">\n\t\t\t\t\t\t\t<div class=\"sow-accordion-open-button\">\n\t\t\t\t\t\t\t\t<span class=\"sow-icon-ionicons\" data-sow-icon=\"&#xf218;\"\n\t\t \n\t\taria-hidden=\"true\"><\/span>\t\t\t\t\t\t\t<\/div>\n\t\t\t\t\t\t\t<div class=\"sow-accordion-close-button\">\n\t\t\t\t\t\t\t\t<span class=\"sow-icon-ionicons\" data-sow-icon=\"&#xf209;\"\n\t\t \n\t\taria-hidden=\"true\"><\/span>\t\t\t\t\t\t\t<\/div>\n\t\t\t\t\t\t<\/div>\n\t\t\t\t\t<\/div>\n\t\t\t\t<\/div>\n\n\t\t\t<div\n\t\t\t\tclass=\"sow-accordion-panel-content\"\n\t\t\t\trole=\"region\"\n\t\t\t\taria-labelledby=\"accordion-label-2nd-vision\"\n\t\t\t\tid=\"accordion-content-2nd-vision\"\n\t\t\t\tstyle=\"display: none;\"\t\t\t>\n\t\t\t\t<div class=\"sow-accordion-panel-border\" tabindex=\"0\">\n\t\t\t\t\t<p style=\"padding-left: 5px; text-align: justify; font-size: 12px;\">Abreu, J., Almeida, P., &amp; Silva, T. (2016). <em>A UX evaluation approach for second-screen applications. Communications in Computer and Information Science<\/em> (Vol. 605). <a href=\"https:\/\/doi.org\/10.1007\/978-3-319-38907-3_9\" target=\"_blank\" rel=\"noopener\">https:\/\/doi.org\/10.1007\/978-3-319-38907-3_9<\/a><\/p>\n<p style=\"padding-left: 5px; text-align: justify; font-size: 12px;\">Abreu, J., Almeida, P., Silva, T., &amp; Aresta, M. (2016). Notifications Efficiency, Impact, and Interference in Second-Screen Scenarios. <em>International Journal of Human-Computer Interaction<\/em>, 32(12), 901\u2013911. <a href=\"https:\/\/doi.org\/10.1080\/10447318.2016.1210870\" target=\"_blank\" rel=\"noopener\">https:\/\/doi.org\/10.1080\/10447318.2016.1210870<\/a><\/p>\n<p style=\"padding-left: 5px; text-align: justify; font-size: 12px;\">Almeida, P., Abreu, J., Silva, T., Duro, L., Aresta, M., &amp; Oliveira, R. (2015). Notification mechanisms in second-screen scenarios towards a balanced user experience. In <em>Proceedings of the 2015 7th International Conference on Intelligent Technologies for Interactive Entertainment, INTETAIN 2015<\/em> (pp. 95\u201399). <a href=\"https:\/\/doi.org\/10.4108\/icst.intetain.2015.259548\" target=\"_blank\" rel=\"noopener\">https:\/\/doi.org\/10.4108\/icst.intetain.2015.259548<\/a><\/p>\n\t\t\t\t<\/div>\n\t\t\t<\/div>\n\t\t<\/div>\n\t\t\t<div class=\"sow-accordion-panel\"\n\t\t\t data-anchor=\"flexible-tv-viewing-guider\">\n\t\t\t\t<div class=\"sow-accordion-panel-header-container\" role=\"heading\" aria-level=\"2\">\n\t\t\t\t\t<div class=\"sow-accordion-panel-header\" tabindex=\"0\" role=\"button\" id=\"accordion-label-flexible-tv-viewing-guider\" aria-controls=\"accordion-content-flexible-tv-viewing-guider\" aria-expanded=\"false\">\n\t\t\t\t\t\t<div class=\"sow-accordion-title sow-accordion-title-icon-left\">\n\t\t\t\t\t\t\t\t\t\t\t\t\t\tFlexible TV Viewing (GUIDER)\t\t\t\t\t\t\t\t\t\t\t\t\t<\/div>\n\t\t\t\t\t\t<div class=\"sow-accordion-open-close-button\">\n\t\t\t\t\t\t\t<div class=\"sow-accordion-open-button\">\n\t\t\t\t\t\t\t\t<span class=\"sow-icon-ionicons\" data-sow-icon=\"&#xf218;\"\n\t\t \n\t\taria-hidden=\"true\"><\/span>\t\t\t\t\t\t\t<\/div>\n\t\t\t\t\t\t\t<div class=\"sow-accordion-close-button\">\n\t\t\t\t\t\t\t\t<span class=\"sow-icon-ionicons\" data-sow-icon=\"&#xf209;\"\n\t\t \n\t\taria-hidden=\"true\"><\/span>\t\t\t\t\t\t\t<\/div>\n\t\t\t\t\t\t<\/div>\n\t\t\t\t\t<\/div>\n\t\t\t\t<\/div>\n\n\t\t\t<div\n\t\t\t\tclass=\"sow-accordion-panel-content\"\n\t\t\t\trole=\"region\"\n\t\t\t\taria-labelledby=\"accordion-label-flexible-tv-viewing-guider\"\n\t\t\t\tid=\"accordion-content-flexible-tv-viewing-guider\"\n\t\t\t\tstyle=\"display: none;\"\t\t\t>\n\t\t\t\t<div class=\"sow-accordion-panel-border\" tabindex=\"0\">\n\t\t\t\t\t<p style=\"padding-left: 5px; text-align: justify; font-size: 12px;\">Abreu, J. F., Almeida, P., &amp; Be\u00e7a, P. (2017). <em>InApp questions \u2013 an approach for contextual evaluation of applications. Communications in Computer and Information Science<\/em> (Vol. 689). <a href=\"https:\/\/doi.org\/10.1007\/978-3-319-63321-3_12\" target=\"_blank\" rel=\"noopener\">https:\/\/doi.org\/10.1007\/978-3-319-63321-3_12<\/a><\/p>\n<p style=\"padding-left: 5px; text-align: justify; font-size: 12px;\">Abreu, J., Almeida, P., Silva, T., &amp; Oliveira, R. (2015). Discovering TV Contents in a Second Screen App: Perspectives from Portuguese and Brazilian Markets. In <em>Procedia Computer Science<\/em> (Vol. 64, pp. 1240\u20131247). <a href=\"https:\/\/doi.org\/10.1016\/j.procs.2015.08.508\" target=\"_blank\" rel=\"noopener\">https:\/\/doi.org\/10.1016\/j.procs.2015.08.508<\/a><\/p>\n\t\t\t\t<\/div>\n\t\t\t<\/div>\n\t\t<\/div>\n\t\t\t<div class=\"sow-accordion-panel\"\n\t\t\t data-anchor=\"ineighbour-tv\">\n\t\t\t\t<div class=\"sow-accordion-panel-header-container\" role=\"heading\" aria-level=\"2\">\n\t\t\t\t\t<div class=\"sow-accordion-panel-header\" tabindex=\"0\" role=\"button\" id=\"accordion-label-ineighbour-tv\" aria-controls=\"accordion-content-ineighbour-tv\" aria-expanded=\"false\">\n\t\t\t\t\t\t<div class=\"sow-accordion-title sow-accordion-title-icon-left\">\n\t\t\t\t\t\t\t\t\t\t\t\t\t\tiNeighbour TV\t\t\t\t\t\t\t\t\t\t\t\t\t<\/div>\n\t\t\t\t\t\t<div class=\"sow-accordion-open-close-button\">\n\t\t\t\t\t\t\t<div class=\"sow-accordion-open-button\">\n\t\t\t\t\t\t\t\t<span class=\"sow-icon-ionicons\" data-sow-icon=\"&#xf218;\"\n\t\t \n\t\taria-hidden=\"true\"><\/span>\t\t\t\t\t\t\t<\/div>\n\t\t\t\t\t\t\t<div class=\"sow-accordion-close-button\">\n\t\t\t\t\t\t\t\t<span class=\"sow-icon-ionicons\" data-sow-icon=\"&#xf209;\"\n\t\t \n\t\taria-hidden=\"true\"><\/span>\t\t\t\t\t\t\t<\/div>\n\t\t\t\t\t\t<\/div>\n\t\t\t\t\t<\/div>\n\t\t\t\t<\/div>\n\n\t\t\t<div\n\t\t\t\tclass=\"sow-accordion-panel-content\"\n\t\t\t\trole=\"region\"\n\t\t\t\taria-labelledby=\"accordion-label-ineighbour-tv\"\n\t\t\t\tid=\"accordion-content-ineighbour-tv\"\n\t\t\t\tstyle=\"display: none;\"\t\t\t>\n\t\t\t\t<div class=\"sow-accordion-panel-border\" tabindex=\"0\">\n\t\t\t\t\t<p style=\"padding-left: 5px; text-align: justify; font-size: 12px;\">Abreu, J. F., Almeida, P., &amp; Silva, T. (2013).<em> iNeighbour TV: A social TV application to promote wellness of senior citizens. Information Systems and Technologies for Enhancing Health and Social Care<\/em>. <a href=\"https:\/\/doi.org\/10.4018\/978-1-4666-3667-5.ch001\" target=\"_blank\" rel=\"noopener\">https:\/\/doi.org\/10.4018\/978-1-4666-3667-5.ch001<\/a><\/p>\n<p style=\"padding-left: 5px; text-align: justify; font-size: 12px;\">Abreu, J. F., &amp; Almeida, P. (2012). A social TV application for senior citizens - iNeighbour TV. In <em>EuroiTV\u201912 - Proceedings of the 10th European Conference on Interactive TV and Video<\/em> (pp. 11\u201312).<\/p>\n<p style=\"padding-left: 5px; text-align: justify; font-size: 12px;\">Silva, T., Abreu, J. F., &amp; Pacheco, O. R. (2012). Elderly viewers identification: Designing a decision matrix. In <em>EuroiTV\u201912 - Proceedings of the 10th European Conference on Interactive TV and Video<\/em> (pp. 108\u2013111). <a href=\"https:\/\/doi.org\/10.13140\/2.1.4961.7929\" target=\"_blank\" rel=\"noopener\">https:\/\/doi.org\/10.13140\/2.1.4961.7929<\/a><\/p>\n<p style=\"padding-left: 5px; text-align: justify; font-size: 12px;\">Abreu, J. F., Almeida, P., Afonso, J., Silva, T., &amp; Dias, R. (2011). <em>Participatory design of a social TV application for senior citizens - The iNeighbour TV project. Communications in Computer and Information Science<\/em> (Vol. 221). <a href=\"https:\/\/doi.org\/10.1007\/978-3-642-24352-3_6\" target=\"_blank\" rel=\"noopener\">https:\/\/doi.org\/10.1007\/978-3-642-24352-3_6<\/a><\/p>\n\t\t\t\t<\/div>\n\t\t\t<\/div>\n\t\t<\/div>\n\t\t\t<div class=\"sow-accordion-panel\"\n\t\t\t data-anchor=\"crossed-tv-games-wize\">\n\t\t\t\t<div class=\"sow-accordion-panel-header-container\" role=\"heading\" aria-level=\"2\">\n\t\t\t\t\t<div class=\"sow-accordion-panel-header\" tabindex=\"0\" role=\"button\" id=\"accordion-label-crossed-tv-games-wize\" aria-controls=\"accordion-content-crossed-tv-games-wize\" aria-expanded=\"false\">\n\t\t\t\t\t\t<div class=\"sow-accordion-title sow-accordion-title-icon-left\">\n\t\t\t\t\t\t\t\t\t\t\t\t\t\tCrossed TV Games (WIZE)\t\t\t\t\t\t\t\t\t\t\t\t\t<\/div>\n\t\t\t\t\t\t<div class=\"sow-accordion-open-close-button\">\n\t\t\t\t\t\t\t<div class=\"sow-accordion-open-button\">\n\t\t\t\t\t\t\t\t<span class=\"sow-icon-ionicons\" data-sow-icon=\"&#xf218;\"\n\t\t \n\t\taria-hidden=\"true\"><\/span>\t\t\t\t\t\t\t<\/div>\n\t\t\t\t\t\t\t<div class=\"sow-accordion-close-button\">\n\t\t\t\t\t\t\t\t<span class=\"sow-icon-ionicons\" data-sow-icon=\"&#xf209;\"\n\t\t \n\t\taria-hidden=\"true\"><\/span>\t\t\t\t\t\t\t<\/div>\n\t\t\t\t\t\t<\/div>\n\t\t\t\t\t<\/div>\n\t\t\t\t<\/div>\n\n\t\t\t<div\n\t\t\t\tclass=\"sow-accordion-panel-content\"\n\t\t\t\trole=\"region\"\n\t\t\t\taria-labelledby=\"accordion-label-crossed-tv-games-wize\"\n\t\t\t\tid=\"accordion-content-crossed-tv-games-wize\"\n\t\t\t\tstyle=\"display: none;\"\t\t\t>\n\t\t\t\t<div class=\"sow-accordion-panel-border\" tabindex=\"0\">\n\t\t\t\t\t<p style=\"padding-left: 5px; text-align: justify; font-size: 12px;\">Almeida, P., Ferraz, J., Pinho, A., &amp; Costa, D. (2012). Engaging viewers through social TV games. In <em>EuroiTV\u201912 - Proceedings of the 10th European Conference on Interactive TV and Video<\/em> (pp. 175\u2013183). <a href=\"https:\/\/doi.org\/10.1145\/2325616.2325651\" target=\"_blank\" rel=\"noopener\">https:\/\/doi.org\/10.1145\/2325616.2325651<\/a><\/p>\n\t\t\t\t<\/div>\n\t\t\t<\/div>\n\t\t<\/div>\n\t\t\t<div class=\"sow-accordion-panel\"\n\t\t\t data-anchor=\"weontv\">\n\t\t\t\t<div class=\"sow-accordion-panel-header-container\" role=\"heading\" aria-level=\"2\">\n\t\t\t\t\t<div class=\"sow-accordion-panel-header\" tabindex=\"0\" role=\"button\" id=\"accordion-label-weontv\" aria-controls=\"accordion-content-weontv\" aria-expanded=\"false\">\n\t\t\t\t\t\t<div class=\"sow-accordion-title sow-accordion-title-icon-left\">\n\t\t\t\t\t\t\t\t\t\t\t\t\t\tWeOnTV\t\t\t\t\t\t\t\t\t\t\t\t\t<\/div>\n\t\t\t\t\t\t<div class=\"sow-accordion-open-close-button\">\n\t\t\t\t\t\t\t<div class=\"sow-accordion-open-button\">\n\t\t\t\t\t\t\t\t<span class=\"sow-icon-ionicons\" data-sow-icon=\"&#xf218;\"\n\t\t \n\t\taria-hidden=\"true\"><\/span>\t\t\t\t\t\t\t<\/div>\n\t\t\t\t\t\t\t<div class=\"sow-accordion-close-button\">\n\t\t\t\t\t\t\t\t<span class=\"sow-icon-ionicons\" data-sow-icon=\"&#xf209;\"\n\t\t \n\t\taria-hidden=\"true\"><\/span>\t\t\t\t\t\t\t<\/div>\n\t\t\t\t\t\t<\/div>\n\t\t\t\t\t<\/div>\n\t\t\t\t<\/div>\n\n\t\t\t<div\n\t\t\t\tclass=\"sow-accordion-panel-content\"\n\t\t\t\trole=\"region\"\n\t\t\t\taria-labelledby=\"accordion-label-weontv\"\n\t\t\t\tid=\"accordion-content-weontv\"\n\t\t\t\tstyle=\"display: none;\"\t\t\t>\n\t\t\t\t<div class=\"sow-accordion-panel-border\" tabindex=\"0\">\n\t\t\t\t\t<p style=\"padding-left: 5px; text-align: justify; font-size: 12px\">Abreu, J. F., Almeida, P., Pinto, R., &amp; Nobre, V. (2009). Implementation of social features over regular IPTV STB. In <em>EuroITV\u201909 - Proceedings of the 7th European Conference on European Interactive Television Conference<\/em> (pp. 29\u201332). <a href=\"https:\/\/doi.org\/10.1145\/1542084.1542089\" target=\"_blank\" rel=\"noopener\">https:\/\/doi.org\/10.1145\/1542084.1542089<\/a><\/p>\t\t\t\t<\/div>\n\t\t\t<\/div>\n\t\t<\/div>\n\t\t\t<div class=\"sow-accordion-panel\"\n\t\t\t data-anchor=\"itv-in-india-and-portugal\">\n\t\t\t\t<div class=\"sow-accordion-panel-header-container\" role=\"heading\" aria-level=\"2\">\n\t\t\t\t\t<div class=\"sow-accordion-panel-header\" tabindex=\"0\" role=\"button\" id=\"accordion-label-itv-in-india-and-portugal\" aria-controls=\"accordion-content-itv-in-india-and-portugal\" aria-expanded=\"false\">\n\t\t\t\t\t\t<div class=\"sow-accordion-title sow-accordion-title-icon-left\">\n\t\t\t\t\t\t\t\t\t\t\t\t\t\tiTV in India and Portugal\t\t\t\t\t\t\t\t\t\t\t\t\t<\/div>\n\t\t\t\t\t\t<div class=\"sow-accordion-open-close-button\">\n\t\t\t\t\t\t\t<div class=\"sow-accordion-open-button\">\n\t\t\t\t\t\t\t\t<span class=\"sow-icon-ionicons\" data-sow-icon=\"&#xf218;\"\n\t\t \n\t\taria-hidden=\"true\"><\/span>\t\t\t\t\t\t\t<\/div>\n\t\t\t\t\t\t\t<div class=\"sow-accordion-close-button\">\n\t\t\t\t\t\t\t\t<span class=\"sow-icon-ionicons\" data-sow-icon=\"&#xf209;\"\n\t\t \n\t\taria-hidden=\"true\"><\/span>\t\t\t\t\t\t\t<\/div>\n\t\t\t\t\t\t<\/div>\n\t\t\t\t\t<\/div>\n\t\t\t\t<\/div>\n\n\t\t\t<div\n\t\t\t\tclass=\"sow-accordion-panel-content\"\n\t\t\t\trole=\"region\"\n\t\t\t\taria-labelledby=\"accordion-label-itv-in-india-and-portugal\"\n\t\t\t\tid=\"accordion-content-itv-in-india-and-portugal\"\n\t\t\t\tstyle=\"display: none;\"\t\t\t>\n\t\t\t\t<div class=\"sow-accordion-panel-border\" tabindex=\"0\">\n\t\t\t\t\t<p style=\"padding-left: 5px; text-align: justify; font-size: 12px\">Sriram, A., Almeida, P., &amp; De Abreu, J. F. (2012). The uses and expectations for interactive TV in India. In <em>Proceedings of the International Conference on Nanoscience, Engineering and Technology, ICONSET 2011<\/em> (pp. 229\u2013232).<\/p>\n\t\t\t\t<\/div>\n\t\t\t<\/div>\n\t\t<\/div>\n\t\t\t<div class=\"sow-accordion-panel\"\n\t\t\t data-anchor=\"ad4tv\">\n\t\t\t\t<div class=\"sow-accordion-panel-header-container\" role=\"heading\" aria-level=\"2\">\n\t\t\t\t\t<div class=\"sow-accordion-panel-header\" tabindex=\"0\" role=\"button\" id=\"accordion-label-ad4tv\" aria-controls=\"accordion-content-ad4tv\" aria-expanded=\"false\">\n\t\t\t\t\t\t<div class=\"sow-accordion-title sow-accordion-title-icon-left\">\n\t\t\t\t\t\t\t\t\t\t\t\t\t\t+AD4TV\t\t\t\t\t\t\t\t\t\t\t\t\t<\/div>\n\t\t\t\t\t\t<div class=\"sow-accordion-open-close-button\">\n\t\t\t\t\t\t\t<div class=\"sow-accordion-open-button\">\n\t\t\t\t\t\t\t\t<span class=\"sow-icon-ionicons\" data-sow-icon=\"&#xf218;\"\n\t\t \n\t\taria-hidden=\"true\"><\/span>\t\t\t\t\t\t\t<\/div>\n\t\t\t\t\t\t\t<div class=\"sow-accordion-close-button\">\n\t\t\t\t\t\t\t\t<span class=\"sow-icon-ionicons\" data-sow-icon=\"&#xf209;\"\n\t\t \n\t\taria-hidden=\"true\"><\/span>\t\t\t\t\t\t\t<\/div>\n\t\t\t\t\t\t<\/div>\n\t\t\t\t\t<\/div>\n\t\t\t\t<\/div>\n\n\t\t\t<div\n\t\t\t\tclass=\"sow-accordion-panel-content\"\n\t\t\t\trole=\"region\"\n\t\t\t\taria-labelledby=\"accordion-label-ad4tv\"\n\t\t\t\tid=\"accordion-content-ad4tv\"\n\t\t\t\tstyle=\"display: none;\"\t\t\t>\n\t\t\t\t<div class=\"sow-accordion-panel-border\" tabindex=\"0\">\n\t\t\t\t\t<p style=\"padding-left: 5px; text-align: justify; font-size: 12px\">Silva, T., Oliveira, R., Abreu, J., Almeida, M., Santos, R., &amp; Almeida, P. (2019). Eye senior getting information adjusted to seniors with blindness or low vision. In <em>Iberian Conference on Information Systems and Technologies, CISTI<\/em> (pp. 1\u20134). <a href=\"https:\/\/doi.org\/10.23919\/CISTI.2019.8760736\" target=\"_blank\" rel=\"noopener\">https:\/\/doi.org\/10.23919\/CISTI.2019.8760736<\/a><\/p>\n<p style=\"padding-left: 5px; text-align: justify; font-size: 12px\">Oliveira, R., de Abreu, J. F., &amp; Almeida, A. M. (2018). <em>Audio Description of Television Programs: A Voluntary Production Approach. Communications in Computer and Information Science<\/em> (Vol. 813). <a href=\"https:\/\/doi.org\/10.1007\/978-3-319-90170-1_11\" target=\"_blank\" rel=\"noopener\">https:\/\/doi.org\/10.1007\/978-3-319-90170-1_11<\/a><\/p>\n<p style=\"padding-left: 5px; text-align: justify; font-size: 12px\">Oliveira, R., de Abreu, J. F., &amp; Almeida, A. M. (2017). Promoting interactive television (iTV) accessibility: an adapted service for users with visual impairments. <em>Universal Access in the Information Society<\/em>, 16(3), 533\u2013544. <a href=\"https:\/\/doi.org\/10.1007\/s10209-016-0482-z\" target=\"_blank\" rel=\"noopener\">https:\/\/doi.org\/10.1007\/s10209-016-0482-z<\/a><\/p>\n<p style=\"padding-left: 5px; text-align: justify; font-size: 12px\">Oliveira, R., Abreu, J. F. D., &amp; Almeida, A. M. (2016). Audio Description in Interactive Television (iTV): Proposal of a Collaborative and Voluntary Approach. In <em>Procedia Computer Science<\/em> (Vol. 100, pp. 935\u2013940). <a href=\"https:\/\/doi.org\/10.1016\/j.procs.2016.09.252\" target=\"_blank\" rel=\"noopener\">https:\/\/doi.org\/10.1016\/j.procs.2016.09.252<\/a><\/p>\n<p style=\"padding-left: 5px; text-align: justify; font-size: 12px\">Oliveira, R., Abreu, J. F., Almeida, M., &amp; Cardoso, B. (2016). Inclusive approaches for audiovisual translation production in Interactive Television (iTV). In <em>ACM International Conference Proceeding Series<\/em> (pp. 146\u2013153). <a href=\"https:\/\/doi.org\/10.1145\/3019943.3019965\" target=\"_blank\" rel=\"noopener\">https:\/\/doi.org\/10.1145\/3019943.3019965<\/a><\/p>\n<p style=\"padding-left: 5px; text-align: justify; font-size: 12px\">Oliveira, R., Silva, T., De Abreu, J. F., &amp; Almeida, M. (2016). Automatic identification in accessible iTV services: Proposal of an IPTV interface. In <em>ACM International Conference Proceeding Series<\/em> (pp. 384\u2013391). <a href=\"https:\/\/doi.org\/10.1145\/3019943.3019998\" target=\"_blank\" rel=\"noopener\">https:\/\/doi.org\/10.1145\/3019943.3019998<\/a><\/p>\n\t\t\t\t<\/div>\n\t\t\t<\/div>\n\t\t<\/div>\n\t\t\t<div class=\"sow-accordion-panel\"\n\t\t\t data-anchor=\"smartly\">\n\t\t\t\t<div class=\"sow-accordion-panel-header-container\" role=\"heading\" aria-level=\"2\">\n\t\t\t\t\t<div class=\"sow-accordion-panel-header\" tabindex=\"0\" role=\"button\" id=\"accordion-label-smartly\" aria-controls=\"accordion-content-smartly\" aria-expanded=\"false\">\n\t\t\t\t\t\t<div class=\"sow-accordion-title sow-accordion-title-icon-left\">\n\t\t\t\t\t\t\t\t\t\t\t\t\t\tSmartly\t\t\t\t\t\t\t\t\t\t\t\t\t<\/div>\n\t\t\t\t\t\t<div class=\"sow-accordion-open-close-button\">\n\t\t\t\t\t\t\t<div class=\"sow-accordion-open-button\">\n\t\t\t\t\t\t\t\t<span class=\"sow-icon-ionicons\" data-sow-icon=\"&#xf218;\"\n\t\t \n\t\taria-hidden=\"true\"><\/span>\t\t\t\t\t\t\t<\/div>\n\t\t\t\t\t\t\t<div class=\"sow-accordion-close-button\">\n\t\t\t\t\t\t\t\t<span class=\"sow-icon-ionicons\" data-sow-icon=\"&#xf209;\"\n\t\t \n\t\taria-hidden=\"true\"><\/span>\t\t\t\t\t\t\t<\/div>\n\t\t\t\t\t\t<\/div>\n\t\t\t\t\t<\/div>\n\t\t\t\t<\/div>\n\n\t\t\t<div\n\t\t\t\tclass=\"sow-accordion-panel-content\"\n\t\t\t\trole=\"region\"\n\t\t\t\taria-labelledby=\"accordion-label-smartly\"\n\t\t\t\tid=\"accordion-content-smartly\"\n\t\t\t\tstyle=\"display: none;\"\t\t\t>\n\t\t\t\t<div class=\"sow-accordion-panel-border\" tabindex=\"0\">\n\t\t\t\t\t<p style=\"padding-left: 5px; text-align: justify; font-size: 12px;\">Silva, T., Almeida, P., Cardoso, B., Oliveira, R., Cunha, A., &amp; Ribeiro, C. (2020). Smartly: A TV companion app to deliver discount coupons. <em>Communications in Computer and Information Science<\/em> (Vol. 1202). <a href=\"https:\/\/doi.org\/10.1007\/978-3-030-56574-9_4\" target=\"_blank\" rel=\"noopener\">https:\/\/doi.org\/10.1007\/978-3-030-56574-9_4<\/a><\/p>\n<p style=\"padding-left: 5px; text-align: justify; font-size: 12px;\">Cunha, F., Silva, T., &amp; Oliveira, R. (2019). Interactive Television and Second-Screen Devices: Presentation Strategies for Notifications. In <em>2019 14th Iberian Conference on Information Systems and Technologies (CISTI)<\/em> (pp. 1\u20134). IEEE. <a href=\"https:\/\/doi.org\/10.23919\/CISTI.2019.8760630\" target=\"_blank\" rel=\"noopener\">https:\/\/doi.org\/10.23919\/CISTI.2019.8760630<\/a><\/p>\n\t\t\t\t<\/div>\n\t\t\t<\/div>\n\t\t<\/div>\n\t\t\t<div class=\"sow-accordion-panel\"\n\t\t\t data-anchor=\"itv-proactivity\">\n\t\t\t\t<div class=\"sow-accordion-panel-header-container\" role=\"heading\" aria-level=\"2\">\n\t\t\t\t\t<div class=\"sow-accordion-panel-header\" tabindex=\"0\" role=\"button\" id=\"accordion-label-itv-proactivity\" aria-controls=\"accordion-content-itv-proactivity\" aria-expanded=\"false\">\n\t\t\t\t\t\t<div class=\"sow-accordion-title sow-accordion-title-icon-left\">\n\t\t\t\t\t\t\t\t\t\t\t\t\t\tiTV Proactivity\t\t\t\t\t\t\t\t\t\t\t\t\t<\/div>\n\t\t\t\t\t\t<div class=\"sow-accordion-open-close-button\">\n\t\t\t\t\t\t\t<div class=\"sow-accordion-open-button\">\n\t\t\t\t\t\t\t\t<span class=\"sow-icon-ionicons\" data-sow-icon=\"&#xf218;\"\n\t\t \n\t\taria-hidden=\"true\"><\/span>\t\t\t\t\t\t\t<\/div>\n\t\t\t\t\t\t\t<div class=\"sow-accordion-close-button\">\n\t\t\t\t\t\t\t\t<span class=\"sow-icon-ionicons\" data-sow-icon=\"&#xf209;\"\n\t\t \n\t\taria-hidden=\"true\"><\/span>\t\t\t\t\t\t\t<\/div>\n\t\t\t\t\t\t<\/div>\n\t\t\t\t\t<\/div>\n\t\t\t\t<\/div>\n\n\t\t\t<div\n\t\t\t\tclass=\"sow-accordion-panel-content\"\n\t\t\t\trole=\"region\"\n\t\t\t\taria-labelledby=\"accordion-label-itv-proactivity\"\n\t\t\t\tid=\"accordion-content-itv-proactivity\"\n\t\t\t\tstyle=\"display: none;\"\t\t\t>\n\t\t\t\t<div class=\"sow-accordion-panel-border\" tabindex=\"0\">\n\t\t\t\t\t<p style=\"padding-left: 5px; text-align: justify; font-size: 12px;\">Marques, T. (2022). The Promotion of Empathy in Intelligent Assistants for iTV through Proactive Behaviours. In Adjunct Proceedings of ACM IMX 2022 Conference on Interactive Media Experiences.<\/p>\n<p style=\"padding-left: 5px; text-align: justify; font-size: 12px;\">Marques, T., Abreu, J., &amp; Santos, R. (2023). Proactivity in the TV Context: Understanding the Relevance and Characteristics of Proactive Behaviours in Voice Assistants. In ACM International Conference on Interactive Media Experiences (IMX \u201923), June 12\u201315, 2023, Nantes, France. ACM, New York, NY, USA, 6 pages. <a href=\"https:\/\/doi.org\/10.1145\/3573381.3597219\">https:\/\/doi.org\/10.1145\/3573381.3597219<\/a><\/p>\n\t\t\t\t<\/div>\n\t\t\t<\/div>\n\t\t<\/div>\n\t\t<\/div>\n<\/div>\n<\/div><\/div><\/div><div id=\"pgc-w65365ebcd6382-0-2\"  class=\"panel-grid-cell\" ><div id=\"panel-w65365ebcd6382-0-2-0\" class=\"so-panel widget_sow-accordion panel-first-child panel-last-child\" data-index=\"2\" ><div\n\t\t\t\n\t\t\tclass=\"so-widget-sow-accordion so-widget-sow-accordion-default-6f9116a64e77\"\n\t\t\t\n\t\t><div>\n\t<div class=\"sow-accordion\">\n\t\t\t<div class=\"sow-accordion-panel\"\n\t\t\t data-anchor=\"tv-discovery-and-enjoy\">\n\t\t\t\t<div class=\"sow-accordion-panel-header-container\" role=\"heading\" aria-level=\"2\">\n\t\t\t\t\t<div class=\"sow-accordion-panel-header\" tabindex=\"0\" role=\"button\" id=\"accordion-label-tv-discovery-and-enjoy\" aria-controls=\"accordion-content-tv-discovery-and-enjoy\" aria-expanded=\"false\">\n\t\t\t\t\t\t<div class=\"sow-accordion-title sow-accordion-title-icon-left\">\n\t\t\t\t\t\t\t\t\t\t\t\t\t\tTV Discovery and Enjoy\t\t\t\t\t\t\t\t\t\t\t\t\t<\/div>\n\t\t\t\t\t\t<div class=\"sow-accordion-open-close-button\">\n\t\t\t\t\t\t\t<div class=\"sow-accordion-open-button\">\n\t\t\t\t\t\t\t\t<span class=\"sow-icon-ionicons\" data-sow-icon=\"&#xf218;\"\n\t\t \n\t\taria-hidden=\"true\"><\/span>\t\t\t\t\t\t\t<\/div>\n\t\t\t\t\t\t\t<div class=\"sow-accordion-close-button\">\n\t\t\t\t\t\t\t\t<span class=\"sow-icon-ionicons\" data-sow-icon=\"&#xf209;\"\n\t\t \n\t\taria-hidden=\"true\"><\/span>\t\t\t\t\t\t\t<\/div>\n\t\t\t\t\t\t<\/div>\n\t\t\t\t\t<\/div>\n\t\t\t\t<\/div>\n\n\t\t\t<div\n\t\t\t\tclass=\"sow-accordion-panel-content\"\n\t\t\t\trole=\"region\"\n\t\t\t\taria-labelledby=\"accordion-label-tv-discovery-and-enjoy\"\n\t\t\t\tid=\"accordion-content-tv-discovery-and-enjoy\"\n\t\t\t\tstyle=\"display: none;\"\t\t\t>\n\t\t\t\t<div class=\"sow-accordion-panel-border\" tabindex=\"0\">\n\t\t\t\t\t<p style=\"padding-left: 5px; text-align: justify; font-size: 12px;\">Abreu, J., Almeida, P., &amp; Teles, B. (2014). TV Discovery &amp; Enjoy: A New Approach to Help Users Finding the Right TV Program to to Watch. In <em>TVX 2014 - Proceedings of the 2014 ACM International Conference on Interactive Experiences for TV and Online Video<\/em> (pp. 63\u201370). <a href=\"https:\/\/doi.org\/10.1145\/2602299.2602313\" target=\"_blank\" rel=\"noopener\">https:\/\/doi.org\/10.1145\/2602299.2602313<\/a><\/p>\n<p style=\"padding-left: 5px; text-align: justify; font-size: 12px;\">Abreu, J., Almeida, P., Teles, B., &amp; Reis, M. (2013). Viewer behaviors and practices in the (new) television environment. In <em>Proceedings of the 11th European Conference on Interactive TV and Video, EuroITV 2013<\/em> (pp. 5\u201312). <a href=\"https:\/\/doi.org\/10.1145\/2465958.2465970\" target=\"_blank\" rel=\"noopener\">https:\/\/doi.org\/10.1145\/2465958.2465970<\/a><\/p>\n\t\t\t\t<\/div>\n\t\t\t<\/div>\n\t\t<\/div>\n\t\t\t<div class=\"sow-accordion-panel\"\n\t\t\t data-anchor=\"mychannel\">\n\t\t\t\t<div class=\"sow-accordion-panel-header-container\" role=\"heading\" aria-level=\"2\">\n\t\t\t\t\t<div class=\"sow-accordion-panel-header\" tabindex=\"0\" role=\"button\" id=\"accordion-label-mychannel\" aria-controls=\"accordion-content-mychannel\" aria-expanded=\"false\">\n\t\t\t\t\t\t<div class=\"sow-accordion-title sow-accordion-title-icon-left\">\n\t\t\t\t\t\t\t\t\t\t\t\t\t\tMyChannel\t\t\t\t\t\t\t\t\t\t\t\t\t<\/div>\n\t\t\t\t\t\t<div class=\"sow-accordion-open-close-button\">\n\t\t\t\t\t\t\t<div class=\"sow-accordion-open-button\">\n\t\t\t\t\t\t\t\t<span class=\"sow-icon-ionicons\" data-sow-icon=\"&#xf218;\"\n\t\t \n\t\taria-hidden=\"true\"><\/span>\t\t\t\t\t\t\t<\/div>\n\t\t\t\t\t\t\t<div class=\"sow-accordion-close-button\">\n\t\t\t\t\t\t\t\t<span class=\"sow-icon-ionicons\" data-sow-icon=\"&#xf209;\"\n\t\t \n\t\taria-hidden=\"true\"><\/span>\t\t\t\t\t\t\t<\/div>\n\t\t\t\t\t\t<\/div>\n\t\t\t\t\t<\/div>\n\t\t\t\t<\/div>\n\n\t\t\t<div\n\t\t\t\tclass=\"sow-accordion-panel-content\"\n\t\t\t\trole=\"region\"\n\t\t\t\taria-labelledby=\"accordion-label-mychannel\"\n\t\t\t\tid=\"accordion-content-mychannel\"\n\t\t\t\tstyle=\"display: none;\"\t\t\t>\n\t\t\t\t<div class=\"sow-accordion-panel-border\" tabindex=\"0\">\n\t\t\t\t\t<p style=\"padding-left: 5px; text-align: justify; font-size: 12px\">Teles, B., Almeida, P., &amp; De Abreu, J. F. (2012). Creating and sharing personal TV channels in iTV. In<em> EuroiTV\u201912 - Proceedings of the 10th European Conference on Interactive TV and Video<\/em> (pp. 100\u2013103).<\/p>\n\t\t\t\t<\/div>\n\t\t\t<\/div>\n\t\t<\/div>\n\t\t\t<div class=\"sow-accordion-panel\"\n\t\t\t data-anchor=\"meo-ad\">\n\t\t\t\t<div class=\"sow-accordion-panel-header-container\" role=\"heading\" aria-level=\"2\">\n\t\t\t\t\t<div class=\"sow-accordion-panel-header\" tabindex=\"0\" role=\"button\" id=\"accordion-label-meo-ad\" aria-controls=\"accordion-content-meo-ad\" aria-expanded=\"false\">\n\t\t\t\t\t\t<div class=\"sow-accordion-title sow-accordion-title-icon-left\">\n\t\t\t\t\t\t\t\t\t\t\t\t\t\tMEO AD+\t\t\t\t\t\t\t\t\t\t\t\t\t<\/div>\n\t\t\t\t\t\t<div class=\"sow-accordion-open-close-button\">\n\t\t\t\t\t\t\t<div class=\"sow-accordion-open-button\">\n\t\t\t\t\t\t\t\t<span class=\"sow-icon-ionicons\" data-sow-icon=\"&#xf218;\"\n\t\t \n\t\taria-hidden=\"true\"><\/span>\t\t\t\t\t\t\t<\/div>\n\t\t\t\t\t\t\t<div class=\"sow-accordion-close-button\">\n\t\t\t\t\t\t\t\t<span class=\"sow-icon-ionicons\" data-sow-icon=\"&#xf209;\"\n\t\t \n\t\taria-hidden=\"true\"><\/span>\t\t\t\t\t\t\t<\/div>\n\t\t\t\t\t\t<\/div>\n\t\t\t\t\t<\/div>\n\t\t\t\t<\/div>\n\n\t\t\t<div\n\t\t\t\tclass=\"sow-accordion-panel-content\"\n\t\t\t\trole=\"region\"\n\t\t\t\taria-labelledby=\"accordion-label-meo-ad\"\n\t\t\t\tid=\"accordion-content-meo-ad\"\n\t\t\t\tstyle=\"display: none;\"\t\t\t>\n\t\t\t\t<div class=\"sow-accordion-panel-border\" tabindex=\"0\">\n\t\t\t\t\t<p style=\"padding-left: 5px; text-align: justify; font-size: 12px;\">Oliveira, R., Abreu, J. F., &amp; Almeida, A. M. (2014). Promoting IPTV accessibility for visually impaired users: Implementation of an adapted service. In <em>Procedia Computer Science<\/em> (Vol. 27, pp. 113\u2013122). <a href=\"https:\/\/doi.org\/10.1016\/j.procs.2014.02.014\" target=\"_blank\" rel=\"noopener\">https:\/\/doi.org\/10.1016\/j.procs.2014.02.014<\/a><\/p>\n<p style=\"padding-left: 5px; text-align: justify; font-size: 12px;\">Oliveira, R., Abreu, J. F., &amp; Almeida, A. M. (2011a). An approach to identify requirements for an iTV audio description service. In <em>EuroITV\u201911 - Proceedings of the 9th European Interactive TV Conference<\/em> (pp. 227\u2013230). <a href=\"https:\/\/doi.org\/10.1145\/2000119.2000166\" target=\"_blank\" rel=\"noopener\">https:\/\/doi.org\/10.1145\/2000119.2000166<\/a><\/p>\n<p style=\"padding-left: 5px; text-align: justify; font-size: 12px;\">Oliveira, R., Abreu, J. F., &amp; Almeida, A. M. P. (2011b). <em>An iTV audio description service: Suggesting requirements and features for visually impaired users. Communications in Computer and Information Science<\/em> (Vol. 221). <a href=\"https:\/\/doi.org\/10.1007\/978-3-642-24352-3_7\" target=\"_blank\" rel=\"noopener\">https:\/\/doi.org\/10.1007\/978-3-642-24352-3_7<\/a><\/p>\t\t\t\t<\/div>\n\t\t\t<\/div>\n\t\t<\/div>\n\t\t\t<div class=\"sow-accordion-panel\"\n\t\t\t data-anchor=\"web-2-0-accessibility\">\n\t\t\t\t<div class=\"sow-accordion-panel-header-container\" role=\"heading\" aria-level=\"2\">\n\t\t\t\t\t<div class=\"sow-accordion-panel-header\" tabindex=\"0\" role=\"button\" id=\"accordion-label-web-2-0-accessibility\" aria-controls=\"accordion-content-web-2-0-accessibility\" aria-expanded=\"false\">\n\t\t\t\t\t\t<div class=\"sow-accordion-title sow-accordion-title-icon-left\">\n\t\t\t\t\t\t\t\t\t\t\t\t\t\tWeb 2.0 Accessibility\t\t\t\t\t\t\t\t\t\t\t\t\t<\/div>\n\t\t\t\t\t\t<div class=\"sow-accordion-open-close-button\">\n\t\t\t\t\t\t\t<div class=\"sow-accordion-open-button\">\n\t\t\t\t\t\t\t\t<span class=\"sow-icon-ionicons\" data-sow-icon=\"&#xf218;\"\n\t\t \n\t\taria-hidden=\"true\"><\/span>\t\t\t\t\t\t\t<\/div>\n\t\t\t\t\t\t\t<div class=\"sow-accordion-close-button\">\n\t\t\t\t\t\t\t\t<span class=\"sow-icon-ionicons\" data-sow-icon=\"&#xf209;\"\n\t\t \n\t\taria-hidden=\"true\"><\/span>\t\t\t\t\t\t\t<\/div>\n\t\t\t\t\t\t<\/div>\n\t\t\t\t\t<\/div>\n\t\t\t\t<\/div>\n\n\t\t\t<div\n\t\t\t\tclass=\"sow-accordion-panel-content\"\n\t\t\t\trole=\"region\"\n\t\t\t\taria-labelledby=\"accordion-label-web-2-0-accessibility\"\n\t\t\t\tid=\"accordion-content-web-2-0-accessibility\"\n\t\t\t\tstyle=\"display: none;\"\t\t\t>\n\t\t\t\t<div class=\"sow-accordion-panel-border\" tabindex=\"0\">\n\t\t\t\t\t<p style=\"padding-left: 5px; text-align: justify; font-size: 12px\">Oliveira, R., Silva, T., &amp; De Abreu, J. F. (2015). Development and evaluation of Clouds4All interface: A tag clouds reader for visually impaired users. In <em>10th Iberian Conference on Information Systems and Technologies, CISTI 2015<\/em> (pp. 1\u20136). <a href=\"https:\/\/doi.org\/10.1109\/CISTI.2015.7170507\" target=\"_blank\" rel=\"noopener\">https:\/\/doi.org\/10.1109\/CISTI.2015.7170507<\/a><\/p>\t\t\t\t<\/div>\n\t\t\t<\/div>\n\t\t<\/div>\n\t\t\t<div class=\"sow-accordion-panel\"\n\t\t\t data-anchor=\"senior-users-identification-in-is\">\n\t\t\t\t<div class=\"sow-accordion-panel-header-container\" role=\"heading\" aria-level=\"2\">\n\t\t\t\t\t<div class=\"sow-accordion-panel-header\" tabindex=\"0\" role=\"button\" id=\"accordion-label-senior-users-identification-in-is\" aria-controls=\"accordion-content-senior-users-identification-in-is\" aria-expanded=\"false\">\n\t\t\t\t\t\t<div class=\"sow-accordion-title sow-accordion-title-icon-left\">\n\t\t\t\t\t\t\t\t\t\t\t\t\t\t Senior Users Identification in IS\t\t\t\t\t\t\t\t\t\t\t\t\t<\/div>\n\t\t\t\t\t\t<div class=\"sow-accordion-open-close-button\">\n\t\t\t\t\t\t\t<div class=\"sow-accordion-open-button\">\n\t\t\t\t\t\t\t\t<span class=\"sow-icon-ionicons\" data-sow-icon=\"&#xf218;\"\n\t\t \n\t\taria-hidden=\"true\"><\/span>\t\t\t\t\t\t\t<\/div>\n\t\t\t\t\t\t\t<div class=\"sow-accordion-close-button\">\n\t\t\t\t\t\t\t\t<span class=\"sow-icon-ionicons\" data-sow-icon=\"&#xf209;\"\n\t\t \n\t\taria-hidden=\"true\"><\/span>\t\t\t\t\t\t\t<\/div>\n\t\t\t\t\t\t<\/div>\n\t\t\t\t\t<\/div>\n\t\t\t\t<\/div>\n\n\t\t\t<div\n\t\t\t\tclass=\"sow-accordion-panel-content\"\n\t\t\t\trole=\"region\"\n\t\t\t\taria-labelledby=\"accordion-label-senior-users-identification-in-is\"\n\t\t\t\tid=\"accordion-content-senior-users-identification-in-is\"\n\t\t\t\tstyle=\"display: none;\"\t\t\t>\n\t\t\t\t<div class=\"sow-accordion-panel-border\" tabindex=\"0\">\n\t\t\t\t\t<p style=\"padding-left: 5px; text-align: justify; font-size: 12px\">Silva, T., &amp; Abreu, J. (2015). Designing a methodological process to identify the most suited recognition technique for elderly users of interactive TV<em>. In Communications in Computer and Information Science<\/em> (Vol. 389, pp. 120\u2013134). <a href=\"https:\/\/doi.org\/10.1007\/978-3-319-22656-9_9\" target=\"_blank\" rel=\"noopener\">https:\/\/doi.org\/10.1007\/978-3-319-22656-9_9<\/a><\/p>\n<p style=\"padding-left: 5px; text-align: justify; font-size: 12px\">Silva, T., De Abreu, J. F., Pacheco, O., &amp; Almeida, P. (2011). <em>User identification: A key factor for elderly viewers to benefit from interactive television services. Communications in Computer and Information Science<\/em> (Vol. 221). <a href=\"https:\/\/doi.org\/10.1007\/978-3-642-24352-3_5\" target=\"_blank\" rel=\"noopener\">https:\/\/doi.org\/10.1007\/978-3-642-24352-3_5<\/a><\/p>\n\t\t\t\t<\/div>\n\t\t\t<\/div>\n\t\t<\/div>\n\t\t\t<div class=\"sow-accordion-panel\"\n\t\t\t data-anchor=\"dpr-on-itv-for-seniors\">\n\t\t\t\t<div class=\"sow-accordion-panel-header-container\" role=\"heading\" aria-level=\"2\">\n\t\t\t\t\t<div class=\"sow-accordion-panel-header\" tabindex=\"0\" role=\"button\" id=\"accordion-label-dpr-on-itv-for-seniors\" aria-controls=\"accordion-content-dpr-on-itv-for-seniors\" aria-expanded=\"false\">\n\t\t\t\t\t\t<div class=\"sow-accordion-title sow-accordion-title-icon-left\">\n\t\t\t\t\t\t\t\t\t\t\t\t\t\tDPR on iTV for Seniors\t\t\t\t\t\t\t\t\t\t\t\t\t<\/div>\n\t\t\t\t\t\t<div class=\"sow-accordion-open-close-button\">\n\t\t\t\t\t\t\t<div class=\"sow-accordion-open-button\">\n\t\t\t\t\t\t\t\t<span class=\"sow-icon-ionicons\" data-sow-icon=\"&#xf218;\"\n\t\t \n\t\taria-hidden=\"true\"><\/span>\t\t\t\t\t\t\t<\/div>\n\t\t\t\t\t\t\t<div class=\"sow-accordion-close-button\">\n\t\t\t\t\t\t\t\t<span class=\"sow-icon-ionicons\" data-sow-icon=\"&#xf209;\"\n\t\t \n\t\taria-hidden=\"true\"><\/span>\t\t\t\t\t\t\t<\/div>\n\t\t\t\t\t\t<\/div>\n\t\t\t\t\t<\/div>\n\t\t\t\t<\/div>\n\n\t\t\t<div\n\t\t\t\tclass=\"sow-accordion-panel-content\"\n\t\t\t\trole=\"region\"\n\t\t\t\taria-labelledby=\"accordion-label-dpr-on-itv-for-seniors\"\n\t\t\t\tid=\"accordion-content-dpr-on-itv-for-seniors\"\n\t\t\t\tstyle=\"display: none;\"\t\t\t>\n\t\t\t\t<div class=\"sow-accordion-panel-border\" tabindex=\"0\">\n\t\t\t\t\t<p style=\"padding-left: 5px; text-align: justify; font-size: 12px\">Campelo, D., Silva, T., &amp; Abreu, J. (2018). <em>Exploring User Feedbacks: The Basis of a Recommender System of Informative Videos for the Elderly. Communications in Computer and Information Science<\/em> (Vol. 813). <a href=\"https:\/\/doi.org\/10.1007\/978-3-319-90170-1_6\" target=\"_blank\" rel=\"noopener\">https:\/\/doi.org\/10.1007\/978-3-319-90170-1_6<\/a><\/p>\n<p style=\"padding-left: 5px; text-align: justify; font-size: 12px\">Campelo, D., Silva, T., &amp; Abreu, J. F. (2017). Services of general interest information on iTV a personalised and dynamic approach. In <em>Iberian Conference on Information Systems and Technologies, CISTI<\/em> (pp. 1\u20134). <a href=\"https:\/\/doi.org\/10.23919\/CISTI.2017.7975678\" target=\"_blank\" rel=\"noopener\">https:\/\/doi.org\/10.23919\/CISTI.2017.7975678<\/a><\/p>\n<p style=\"padding-left: 5px; text-align: justify; font-size: 12px\">Campelo, D., Silva, T., &amp; Abreu, J. F. (2017a). <em>Beyond the TV borders: Second screen as a tool for audience engagement. Communications in Computer and Information Science<\/em> (Vol. 689). <a href=\"https:\/\/doi.org\/10.1007\/978-3-319-63321-3_7\" target=\"_blank\" rel=\"noopener\">https:\/\/doi.org\/10.1007\/978-3-319-63321-3_7<\/a><\/p>\n<p style=\"padding-left: 5px; text-align: justify; font-size: 12px\">Campelo, D., Silva, T., &amp; Abreu, J. F. (2017b). Recommending personalized informative contents on iTV. In <em>TVX 2017 - Adjunct Publication of the 2017 ACM International Conference on Interactive Experiences for TV and Online Video<\/em> (pp. 99\u2013103). <a href=\"https:\/\/doi.org\/10.1145\/3084289.3084292\" target=\"_blank\" rel=\"noopener\">https:\/\/doi.org\/10.1145\/3084289.3084292<\/a><\/p>\n\t\t\t\t<\/div>\n\t\t\t<\/div>\n\t\t<\/div>\n\t\t\t<div class=\"sow-accordion-panel\"\n\t\t\t data-anchor=\"mixmyvisit\">\n\t\t\t\t<div class=\"sow-accordion-panel-header-container\" role=\"heading\" aria-level=\"2\">\n\t\t\t\t\t<div class=\"sow-accordion-panel-header\" tabindex=\"0\" role=\"button\" id=\"accordion-label-mixmyvisit\" aria-controls=\"accordion-content-mixmyvisit\" aria-expanded=\"false\">\n\t\t\t\t\t\t<div class=\"sow-accordion-title sow-accordion-title-icon-left\">\n\t\t\t\t\t\t\t\t\t\t\t\t\t\tMixMyVisit\t\t\t\t\t\t\t\t\t\t\t\t\t<\/div>\n\t\t\t\t\t\t<div class=\"sow-accordion-open-close-button\">\n\t\t\t\t\t\t\t<div class=\"sow-accordion-open-button\">\n\t\t\t\t\t\t\t\t<span class=\"sow-icon-ionicons\" data-sow-icon=\"&#xf218;\"\n\t\t \n\t\taria-hidden=\"true\"><\/span>\t\t\t\t\t\t\t<\/div>\n\t\t\t\t\t\t\t<div class=\"sow-accordion-close-button\">\n\t\t\t\t\t\t\t\t<span class=\"sow-icon-ionicons\" data-sow-icon=\"&#xf209;\"\n\t\t \n\t\taria-hidden=\"true\"><\/span>\t\t\t\t\t\t\t<\/div>\n\t\t\t\t\t\t<\/div>\n\t\t\t\t\t<\/div>\n\t\t\t\t<\/div>\n\n\t\t\t<div\n\t\t\t\tclass=\"sow-accordion-panel-content\"\n\t\t\t\trole=\"region\"\n\t\t\t\taria-labelledby=\"accordion-label-mixmyvisit\"\n\t\t\t\tid=\"accordion-content-mixmyvisit\"\n\t\t\t\tstyle=\"display: none;\"\t\t\t>\n\t\t\t\t<div class=\"sow-accordion-panel-border\" tabindex=\"0\">\n\t\t\t\t\t<p style=\"padding-left: 5px; text-align: justify; font-size: 12px;\">Almeida, P., Be\u00e7a, P., Soares, J., &amp; Soares, B. (2021). Enhancing the visitor experience through automatic generated videos. In <em>ACM International Conference on Interactive Media Experiences, IMX'21 <\/em>(pp. 95\u201399). <a href=\"https:\/\/doi.org\/10.1145\/3452918.3465500\">https:\/\/doi.org\/10.1145\/3452918.3465500<\/a><\/p>\n<p style=\"padding-left: 5px; text-align: justify; font-size: 12px;\">Almeida, P., Be\u00e7a, P., Soares, J., Soares, B. (2022). MixMyVisit \u2013 A Solution for the Automatic Creation of Videos to Enhance the Visitors\u2019 Experience. In: Ab\u00e1solo, M.J., Olmedo Cifuentes, G.F. (eds) Applications and Usability of Interactive TV. jAUTI 2021. Communications in Computer and Information Science, vol 1597. Springer, Cham. <a href=\"https:\/\/doi.org\/10.1007\/978-3-031-22210-8_7\" target=\"_blank\" rel=\"noopener\">https:\/\/doi.org\/10.1007\/978-3-031-22210-8_7<\/a><\/p>\n\t\t\t\t<\/div>\n\t\t\t<\/div>\n\t\t<\/div>\n\t\t\t<div class=\"sow-accordion-panel\"\n\t\t\t data-anchor=\"vontage4seniors\">\n\t\t\t\t<div class=\"sow-accordion-panel-header-container\" role=\"heading\" aria-level=\"2\">\n\t\t\t\t\t<div class=\"sow-accordion-panel-header\" tabindex=\"0\" role=\"button\" id=\"accordion-label-vontage4seniors\" aria-controls=\"accordion-content-vontage4seniors\" aria-expanded=\"false\">\n\t\t\t\t\t\t<div class=\"sow-accordion-title sow-accordion-title-icon-left\">\n\t\t\t\t\t\t\t\t\t\t\t\t\t\tVontAge4Seniors\t\t\t\t\t\t\t\t\t\t\t\t\t<\/div>\n\t\t\t\t\t\t<div class=\"sow-accordion-open-close-button\">\n\t\t\t\t\t\t\t<div class=\"sow-accordion-open-button\">\n\t\t\t\t\t\t\t\t<span class=\"sow-icon-ionicons\" data-sow-icon=\"&#xf218;\"\n\t\t \n\t\taria-hidden=\"true\"><\/span>\t\t\t\t\t\t\t<\/div>\n\t\t\t\t\t\t\t<div class=\"sow-accordion-close-button\">\n\t\t\t\t\t\t\t\t<span class=\"sow-icon-ionicons\" data-sow-icon=\"&#xf209;\"\n\t\t \n\t\taria-hidden=\"true\"><\/span>\t\t\t\t\t\t\t<\/div>\n\t\t\t\t\t\t<\/div>\n\t\t\t\t\t<\/div>\n\t\t\t\t<\/div>\n\n\t\t\t<div\n\t\t\t\tclass=\"sow-accordion-panel-content\"\n\t\t\t\trole=\"region\"\n\t\t\t\taria-labelledby=\"accordion-label-vontage4seniors\"\n\t\t\t\tid=\"accordion-content-vontage4seniors\"\n\t\t\t\tstyle=\"display: none;\"\t\t\t>\n\t\t\t\t<div class=\"sow-accordion-panel-border\" tabindex=\"0\">\n\t\t\t\t\t<p style=\"padding-left: 5px; text-align: justify; font-size: 12px;\">Santos, R., Beja, J., Rodrigues, M., &amp; Martins, C. (2019). Designing visual interfaces to support voice input: The case of a TV application to request help in daily life tasks. In <em>ACM International Conference Proceeding Series<\/em>. <a href=\"https:\/\/doi.org\/10.1145\/3335595.3335637\" target=\"_blank\" rel=\"noopener\">https:\/\/doi.org\/10.1145\/3335595.3335637<\/a><\/p>\n<p style=\"padding-left: 5px; text-align: justify; font-size: 12px;\">Ribeiro, T., Santos, R., Moura, J., Martins, A. I., &amp; Caravau, H. (2018). <em>Application for Older Adults to Ask for Help from Volunteers Through Television: Design and Evaluation of a High Visual-Fidelity Prototype. Communications in Computer and Information Science<\/em> (Vol. 813). <a href=\"https:\/\/doi.org\/10.1007\/978-3-319-90170-1_3\" target=\"_blank\" rel=\"noopener\">https:\/\/doi.org\/10.1007\/978-3-319-90170-1_3<\/a><\/p>\n<p style=\"padding-left: 5px; text-align: justify; font-size: 12px;\">Santos, R., Caravau, H., Martins, A. I., Martins, C., &amp; Rodrigues, M. (2018). Towards a proposal of an application to promote volunteering through television to help older adults. In <em>ICT4AWE 2018 - Proceedings of the 4th International Conference on Information and Communication Technologies for Ageing Well and e-Health<\/em> (Vol. 1, pp. 192\u2013199). <a href=\"https:\/\/doi.org\/10.5220\/0006750801920199\" target=\"_blank\" rel=\"noopener\">https:\/\/doi.org\/10.5220\/0006750801920199<\/a><\/p>\n\t\t\t\t<\/div>\n\t\t\t<\/div>\n\t\t<\/div>\n\t\t\t<div class=\"sow-accordion-panel\"\n\t\t\t data-anchor=\"ultra-tv\">\n\t\t\t\t<div class=\"sow-accordion-panel-header-container\" role=\"heading\" aria-level=\"2\">\n\t\t\t\t\t<div class=\"sow-accordion-panel-header\" tabindex=\"0\" role=\"button\" id=\"accordion-label-ultra-tv\" aria-controls=\"accordion-content-ultra-tv\" aria-expanded=\"false\">\n\t\t\t\t\t\t<div class=\"sow-accordion-title sow-accordion-title-icon-left\">\n\t\t\t\t\t\t\t\t\t\t\t\t\t\tUltra TV\t\t\t\t\t\t\t\t\t\t\t\t\t<\/div>\n\t\t\t\t\t\t<div class=\"sow-accordion-open-close-button\">\n\t\t\t\t\t\t\t<div class=\"sow-accordion-open-button\">\n\t\t\t\t\t\t\t\t<span class=\"sow-icon-ionicons\" data-sow-icon=\"&#xf218;\"\n\t\t \n\t\taria-hidden=\"true\"><\/span>\t\t\t\t\t\t\t<\/div>\n\t\t\t\t\t\t\t<div class=\"sow-accordion-close-button\">\n\t\t\t\t\t\t\t\t<span class=\"sow-icon-ionicons\" data-sow-icon=\"&#xf209;\"\n\t\t \n\t\taria-hidden=\"true\"><\/span>\t\t\t\t\t\t\t<\/div>\n\t\t\t\t\t\t<\/div>\n\t\t\t\t\t<\/div>\n\t\t\t\t<\/div>\n\n\t\t\t<div\n\t\t\t\tclass=\"sow-accordion-panel-content\"\n\t\t\t\trole=\"region\"\n\t\t\t\taria-labelledby=\"accordion-label-ultra-tv\"\n\t\t\t\tid=\"accordion-content-ultra-tv\"\n\t\t\t\tstyle=\"display: none;\"\t\t\t>\n\t\t\t\t<div class=\"sow-accordion-panel-border\" tabindex=\"0\">\n\t\t\t\t\t<p style=\"padding-left: 5px; text-align: justify; font-size: 12px;\">Cardoso, B., &amp; Abreu, J. (2021). Content Aggregation on Streaming Media Devices: Assessment of Four Popular Market Solutions. <em>Communications in Computer and Information Science<\/em>. <a href=\"https:\/\/www.springerprofessional.de\/sharing-and-visualizing-collective-memories-contexts-and-strateg\/19374076?fulltextView=true\" target=\"_blank\" rel=\"noopener\">https:\/\/www.springerprofessional.de\/sharing-and-visualizing-collective-memories-contexts-and-strateg\/19374076?fulltextView=true<\/a><\/p>\n<p style=\"padding-left: 5px; text-align: justify; font-size: 12px;\">Velhinho, A., Fernandes, S., Abreu, J., Almeida, P., &amp; Silva, T. (2019). <em>Field trial of a new iTV approach: The potential of its UX among younger audiences. Communications in Computer and Information Science<\/em> (Vol. 1004). <a href=\"https:\/\/doi.org\/10.1007\/978-3-030-23862-9_10\" target=\"_blank\" rel=\"noopener\">https:\/\/doi.org\/10.1007\/978-3-030-23862-9_10<\/a><\/p>\n<p style=\"padding-left: 5px; text-align: justify; font-size: 12px;\">Abreu, J., Almeida, P., Fernandes, S., Velhinho, A., &amp; Rodrigues, A. (2018). <em>Content Unification: A Trend Reshaping the iTV Ecosystem. Lecture Notes in Computer Science (including subseries Lecture Notes in Artificial Intelligence and Lecture Notes in Bioinformatics)<\/em> (Vol. 11112 LNCS). <a href=\"https:\/\/doi.org\/10.1007\/978-3-319-99426-0_33\" target=\"_blank\" rel=\"noopener\">https:\/\/doi.org\/10.1007\/978-3-319-99426-0_33<\/a><\/p>\n<p style=\"padding-left: 5px; text-align: justify; font-size: 12px;\">Abreu, J., Almeida, P., Silva, T., Velhinho, A., &amp; Fernandes, S. (2018). Using experts review to validate an interactive tv user interface for the unification of contents. In <em>IMCIC 2018 - 9th International Multi-Conference on Complexity, Informatics and Cybernetics, Proceedings<\/em> (Vol. 2, pp. 1\u20135).<\/p>\n<p style=\"padding-left: 5px; text-align: justify; font-size: 12px;\">Abreu, J., Almeida, P., Velhinho, A., Fernandes, S., &amp; Guedes, R. (2018). <em>An iTV Prototype for Content Unification. Lecture Notes in Computer Science (including subseries Lecture Notes in Artificial Intelligence and Lecture Notes in Bioinformatics)<\/em> (Vol. 11112 LNCS). <a href=\"https:\/\/doi.org\/10.1007\/978-3-319-99426-0_32\" target=\"_blank\" rel=\"noopener\">https:\/\/doi.org\/10.1007\/978-3-319-99426-0_32<\/a><\/p>\n<p style=\"padding-left: 5px; text-align: justify; font-size: 12px;\">Almeida, P., Abreu, J., Silva, T., Varsori, E., Oliveira, E., Velhinho, A., \u2026 Oliveira, D. (2018). <em>Iterative User Experience Evaluation of a User Interface for the Unification of TV Contents. Communications in Computer and Information Science<\/em> (Vol. 813). <a href=\"https:\/\/doi.org\/10.1007\/978-3-319-90170-1_4\" target=\"_blank\" rel=\"noopener\">https:\/\/doi.org\/10.1007\/978-3-319-90170-1_4<\/a><\/p>\n<p style=\"padding-left: 5px; text-align: justify; font-size: 12px;\">Almeida, P., De Abreu, J. F., Fernandes, S., &amp; Oliveira, E. (2018). Content unification in TV to enhance user experience: The ultra TV project. In <em>TVX 2018 - Proceedings of the 2018 ACM International Conference on Interactive Experiences for TV and Online Video<\/em> (pp. 167\u2013172). <a href=\"https:\/\/doi.org\/10.1145\/3210825.3213558\" target=\"_blank\" rel=\"noopener\">https:\/\/doi.org\/10.1145\/3210825.3213558<\/a><\/p>\n<p style=\"padding-left: 5px; text-align: justify; font-size: 12px;\">Becker, V., Abreu, J., Nogueira, J., &amp; Cardoso, B. (2018). The development of non-linear TV and schedule deprogramming. <em>Observatorio<\/em>, 12(1), 199\u2013216. Retrieved from <a href=\"http:\/\/www.scielo.mec.pt\/scielo.php?script=sci_arttext&amp;pid=S1646-59542018000100012&amp;lng=pt&amp;tlng=pt\" target=\"_blank\" rel=\"noopener\">http:\/\/www.scielo.mec.pt\/scielo.php?script=sci_arttext&amp;pid=S1646-59542018000100012&amp;lng=pt&amp;tlng=pt<\/a><\/p>\n<p style=\"padding-left: 5px; text-align: justify; font-size: 12px;\">De Abreu, J. F., Almeida, P., Velhinho, A., &amp; Varsori, E. (2018). Viewers\u2019 behaviors at home on TV and other screens: An online survey. In <em>TVX 2018 - Proceedings of the 2018 ACM International Conference on Interactive Experiences for TV and Online Video<\/em> (pp. 173\u2013178). <a href=\"https:\/\/doi.org\/10.1145\/3210825.3213559\" target=\"_blank\" rel=\"noopener\">https:\/\/doi.org\/10.1145\/3210825.3213559<\/a><\/p>\n<p style=\"padding-left: 5px; text-align: justify; font-size: 12px;\">Fernandes, S., Velhinho, A., Abreu, J., &amp; Almeida, P. (2018). UI design for an iTV platform: An iterative approach. In <em>ACM International Conference Proceeding Series<\/em>. <a href=\"https:\/\/doi.org\/10.1145\/3233824.3233851\" target=\"_blank\" rel=\"noopener\">https:\/\/doi.org\/10.1145\/3233824.3233851<\/a><\/p>\n<p style=\"padding-left: 5px; text-align: justify; font-size: 12px;\">Silva, T., Almeida, P., Abreu, J., &amp; Oliveira, E. (2018). Interaction paradigms on iTV: A survey towards the future of television. In <em>IMCIC 2018 - 9th International Multi-Conference on Complexity, Informatics and Cybernetics, Proceedings<\/em> (Vol. 2, pp. 18\u201323).<\/p>\n<p style=\"padding-left: 5px; text-align: justify; font-size: 12px;\">Abreu, J., Nogueira, J., Becker, V., &amp; Cardoso, B. (2017). Survey of Catch-up TV and other time-shift services: a comprehensive analysis and taxonomy of linear and nonlinear television. <em>Telecommunication Systems<\/em>, 64(1), 57\u201374. <a href=\"https:\/\/doi.org\/10.1007\/s11235-016-0157-3\" target=\"_blank\" rel=\"noopener\">https:\/\/doi.org\/10.1007\/s11235-016-0157-3<\/a><\/p>\n\t\t\t\t<\/div>\n\t\t\t<\/div>\n\t\t<\/div>\n\t\t\t<div class=\"sow-accordion-panel\"\n\t\t\t data-anchor=\"other-papers\">\n\t\t\t\t<div class=\"sow-accordion-panel-header-container\" role=\"heading\" aria-level=\"2\">\n\t\t\t\t\t<div class=\"sow-accordion-panel-header\" tabindex=\"0\" role=\"button\" id=\"accordion-label-other-papers\" aria-controls=\"accordion-content-other-papers\" aria-expanded=\"false\">\n\t\t\t\t\t\t<div class=\"sow-accordion-title sow-accordion-title-icon-left\">\n\t\t\t\t\t\t\t\t\t\t\t\t\t\tOther papers\t\t\t\t\t\t\t\t\t\t\t\t\t<\/div>\n\t\t\t\t\t\t<div class=\"sow-accordion-open-close-button\">\n\t\t\t\t\t\t\t<div class=\"sow-accordion-open-button\">\n\t\t\t\t\t\t\t\t<span class=\"sow-icon-ionicons\" data-sow-icon=\"&#xf218;\"\n\t\t \n\t\taria-hidden=\"true\"><\/span>\t\t\t\t\t\t\t<\/div>\n\t\t\t\t\t\t\t<div class=\"sow-accordion-close-button\">\n\t\t\t\t\t\t\t\t<span class=\"sow-icon-ionicons\" data-sow-icon=\"&#xf209;\"\n\t\t \n\t\taria-hidden=\"true\"><\/span>\t\t\t\t\t\t\t<\/div>\n\t\t\t\t\t\t<\/div>\n\t\t\t\t\t<\/div>\n\t\t\t\t<\/div>\n\n\t\t\t<div\n\t\t\t\tclass=\"sow-accordion-panel-content\"\n\t\t\t\trole=\"region\"\n\t\t\t\taria-labelledby=\"accordion-label-other-papers\"\n\t\t\t\tid=\"accordion-content-other-papers\"\n\t\t\t\tstyle=\"display: none;\"\t\t\t>\n\t\t\t\t<div class=\"sow-accordion-panel-border\" tabindex=\"0\">\n\t\t\t\t\t<div class=\"page\" title=\"Page 1\">\n<div class=\"layoutArea\">\n<div class=\"column\">\n<p>Almeida, P., Be\u00e7a, P., Silva, T., Afonso, M., Covalenco, I., &amp; Duarte Nicolau, C. (2022). A Podcast Creation Platform to Support News Corporations: Results from UX Evaluation. <em>Proceedings of the 2022 ACM International Conference on Interactive Media Experiences<\/em>, 343\u2013348. <a href=\"https:\/\/doi.org\/10.1145\/3505284.3532978\" target=\"_blank\" rel=\"noopener\">https:\/\/doi.org\/10.1145\/3505284.3532978<\/a><\/p>\n<p>Carvalho Afonso, M., Almeida, P., Be\u00e7a, P., Silva, T., &amp; Covalenco, I. (2022). Usability Of Text-To-Speech Technology in Creating News Podcasts Using Portuguese Of Portugal. <em>Proceedings of the 2022 ACM International Conference on Interactive Media Experiences<\/em>, 363\u2013368. <a href=\"https:\/\/doi.org\/10.1145\/3505284.3532968\" target=\"_blank\" rel=\"noopener\">https:\/\/doi.org\/10.1145\/3505284.3532968<\/a><\/p>\n<p>Rocha Louren\u00e7o, F. T., Oliveira, R. A. S., &amp; De Abreu, J. T. F. (2022). Promoting Accessibility for Visually Impaired Users through Formative Audiovisual Content. <em>ACM International Conference Proceeding Series<\/em>, 208\u2013213. <a href=\"https:\/\/doi.org\/10.1145\/3563137.3563150\" target=\"_blank\" rel=\"noopener\">https:\/\/doi.org\/10.1145\/3563137.3563150<\/a><\/p>\n<\/div>\n<\/div>\n<\/div>\n<p>Oliveira, R., &amp; Abreu, J. (2021). Audiovisual translation models for visually impaired users of Interactive Television (iTV). Procedia Computer Science, 196. (pp. 647-654). <a href=\"https:\/\/doi.org\/10.1016\/j.procs.2021.12.060\">https:\/\/doi.org\/10.1016\/j.procs.2021.12.060<\/a><\/p>\n<p>Cardoso, B., Abreu, J., &amp; Prata, A. (2022). The TV Ecosystem is Fragmented and in Need of New Business and Technological Strategies. Proceedings of the 2022 ACM International Conference on Interactive Media Experiences (IMX\u201922) (pp. 133-144). <a href=\"https:\/\/doi.org\/10.1145\/3505284.3529976\">https:\/\/doi.org\/10.1145\/3505284.3529976<\/a><\/p>\n<p>Silva, T. (2022), Broadcasting, through TV, social services information to older persons. Working with Older People. <a href=\"https:\/\/doi.org\/10.1108\/WWOP-01-2022-0001\">https:\/\/doi.org\/10.1108\/WWOP-01-2022-0001<\/a><\/p>\n<p>Carvalho, D., Silva, T., Abreu, J. (2021). TV Remote Control and Older Adults: A Systematic Literature Review. In: Ab\u00e1solo, M.J., Abreu, J., Almeida, P., Silva, T. (eds) Applications and Usability of Interactive TV. jAUTI 2020. Communications in Computer and Information Science, vol 1433. Springer, Cham. <a href=\"https:\/\/doi.org\/10.1007\/978-3-030-81996-5_9\">https:\/\/doi.org\/10.1007\/978-3-030-81996-5_9<\/a><\/p>\n<p>Rosado, M., Ab\u00e1solo, M. J., &amp; Silva, T. (2021). IDTV Application to Promote the Gait of the Elderly. In: Ab\u00e1solo, M.J., Abreu, J., Almeida, P., Silva, T. (eds) Applications and Usability of Interactive TV. jAUTI 2020. Communications in Computer and Information Science, vol 1433. Springer, Cham. <a href=\"https:\/\/doi.org\/10.1007\/978-3-030-81996-5_10\">https:\/\/doi.org\/10.1007\/978-3-030-81996-5_10<\/a><\/p>\n<p>Carvalho, A. M., Almeida, P., Be\u00e7a, P., Silva, T., &amp; Covalenco, I. (2022). Usability Of Text-To-Speech Technology in Creating News Podcasts using Portuguese Of Portugal. Proceedings of the 2022 ACM International Conference on Interactive Media Experiences (IMX\u201922) (pp. 363-367). <a href=\"https:\/\/doi.org\/10.1145\/3505284.3532968\">https:\/\/doi.org\/10.1145\/3505284.3532968<\/a><\/p>\n<p>Torres, S., Simoes, P., Santos, R., Silva, A., &amp; Rodrigues, M. (2019). Video content to support physical activity in older adults a strategy for content production centered on user preferences. In <em>Iberian Conference on Information Systems and Technologies, CISTI<\/em> (pp. 1\u20136). <a href=\"https:\/\/doi.org\/10.23919\/CISTI.2019.8760724\" target=\"_blank\" rel=\"noopener\">https:\/\/doi.org\/10.23919\/CISTI.2019.8760724<\/a><\/p>\n<p>Cardoso, R., Rodrigues, A., Coelho, M., Tavares, T., Oliveira, R., &amp; Silva, T. (2019). IOM4TV: An AT-based solution for people with motor disabilities supported in iTV. Communications in Computer and Information Science (Vol. 1004). <a href=\"https:\/\/doi.org\/10.1007\/978-3-030-23862-9_8\" target=\"_blank\" rel=\"noopener\">https:\/\/doi.org\/10.1007\/978-3-030-23862-9_8<\/a><\/p>\n<p>Carvalho, D., Silva, T., &amp; Abreu, J. (2019). <em>Interaction models for iTV services for elderly people. Communications in Computer and Information Science<\/em> (Vol. 1004). <a href=\"https:\/\/doi.org\/10.1007\/978-3-030-23862-9_7\" target=\"_blank\" rel=\"noopener\">https:\/\/doi.org\/10.1007\/978-3-030-23862-9_7<\/a><\/p>\n<p>Cardoso, B., &amp; Abreu, J. (2018). <em>Machine Learning the TV Consumption: A Basis for a Recommendation System. Communications in Computer and Information Science<\/em> (Vol. 813). <a href=\"https:\/\/doi.org\/10.1007\/978-3-319-90170-1_5\" target=\"_blank\" rel=\"noopener\">https:\/\/doi.org\/10.1007\/978-3-319-90170-1_5<\/a><\/p>\n<p>Abreu, J., Nogueira, J., Becker, V., &amp; Cardoso, B. (2017). Survey of Catch-up TV and other time-shift services: a comprehensive analysis and taxonomy of linear and nonlinear television. <em>Telecommunication Systems<\/em>, 64(1), 57\u201374. <a href=\"https:\/\/doi.org\/10.1007\/s11235-016-0157-3\" target=\"_blank\" rel=\"noopener\">https:\/\/doi.org\/10.1007\/s11235-016-0157-3<\/a><\/p>\n<p>Cardoso, B., &amp; de Abreu, J. F. (2017). <em>Indagante: A proposal for a social multiplatform game to motivate Interaction in the living room. Communications in Computer and Information Science<\/em> (Vol. 689). <a href=\"https:\/\/doi.org\/10.1007\/978-3-319-63321-3_8\" target=\"_blank\" rel=\"noopener\">https:\/\/doi.org\/10.1007\/978-3-319-63321-3_8<\/a><\/p>\n<p>Moura, M., Almeida, P., &amp; Geerts, D. (2016). A Video is Worth a Million Words? Comparing a Documentary with a Scientific Paper to Communicate Design Research. In <em>Procedia Computer Science<\/em> (Vol. 100, pp. 747\u2013754). <a href=\"https:\/\/doi.org\/10.1016\/j.procs.2016.09.220\" target=\"_blank\" rel=\"noopener\">https:\/\/doi.org\/10.1016\/j.procs.2016.09.220<\/a><\/p>\n<p>Almeida, P., Abreu, J., &amp; Jos\u00e9, R. (2011). ITV services for socializing in public places. In <em>CEUR Workshop Proceedings<\/em> (Vol. 720).<\/p>\n\t\t\t\t<\/div>\n\t\t\t<\/div>\n\t\t<\/div>\n\t\t<\/div>\n<\/div>\n<\/div><\/div><\/div><\/div><\/div><\/div><\/div><\/div><\/div><\/div>","protected":false},"excerpt":{"rendered":"<p>The publications below refer only to papers of research projects indexed in Scopus.<\/p>\n","protected":false},"author":4,"featured_media":0,"parent":0,"menu_order":0,"comment_status":"closed","ping_status":"closed","template":"","meta":{"editor_plus_copied_stylings":"{}","footnotes":""},"class_list":["post-8265","page","type-page","status-publish","hentry"],"_links":{"self":[{"href":"https:\/\/socialivx.web.ua.pt\/index.php\/wp-json\/wp\/v2\/pages\/8265","targetHints":{"allow":["GET"]}}],"collection":[{"href":"https:\/\/socialivx.web.ua.pt\/index.php\/wp-json\/wp\/v2\/pages"}],"about":[{"href":"https:\/\/socialivx.web.ua.pt\/index.php\/wp-json\/wp\/v2\/types\/page"}],"author":[{"embeddable":true,"href":"https:\/\/socialivx.web.ua.pt\/index.php\/wp-json\/wp\/v2\/users\/4"}],"replies":[{"embeddable":true,"href":"https:\/\/socialivx.web.ua.pt\/index.php\/wp-json\/wp\/v2\/comments?post=8265"}],"version-history":[{"count":75,"href":"https:\/\/socialivx.web.ua.pt\/index.php\/wp-json\/wp\/v2\/pages\/8265\/revisions"}],"predecessor-version":[{"id":13375,"href":"https:\/\/socialivx.web.ua.pt\/index.php\/wp-json\/wp\/v2\/pages\/8265\/revisions\/13375"}],"wp:attachment":[{"href":"https:\/\/socialivx.web.ua.pt\/index.php\/wp-json\/wp\/v2\/media?parent=8265"}],"curies":[{"name":"wp","href":"https:\/\/api.w.org\/{rel}","templated":true}]}}